{"id":118917,"date":"2023-04-24T15:59:24","date_gmt":"2023-04-24T14:59:24","guid":{"rendered":"https:\/\/jaarverslag.gevangenenzorg.nl\/2022\/?page_id=118917"},"modified":"2023-05-02T09:02:10","modified_gmt":"2023-05-02T08:02:10","slug":"4-aandacht-voor-de-hulpvrager","status":"publish","type":"page","link":"https:\/\/jaarverslag.gevangenenzorg.nl\/2022\/4-aandacht-voor-de-hulpvrager\/","title":{"rendered":"4. Aandacht voor de hulpvrager"},"content":{"rendered":"<p>[vc_row row_height_percent=&#8221;68&#8243; override_padding=&#8221;yes&#8221; h_padding=&#8221;2&#8243; top_padding=&#8221;5&#8243; bottom_padding=&#8221;5&#8243; back_image=&#8221;118872&#8243; parallax=&#8221;yes&#8221; overlay_alpha=&#8221;80&#8243; equal_height=&#8221;yes&#8221; gutter_size=&#8221;4&#8243; column_width_percent=&#8221;100&#8243; shift_y=&#8221;0&#8243; z_index=&#8221;0&#8243; uncode_shortcode_id=&#8221;321215&#8243;][vc_column column_width_percent=&#8221;100&#8243; position_vertical=&#8221;middle&#8221; align_horizontal=&#8221;align_center&#8221; gutter_size=&#8221;3&#8243; style=&#8221;dark&#8221; overlay_alpha=&#8221;50&#8243; shift_x=&#8221;0&#8243; shift_y=&#8221;0&#8243; shift_y_down=&#8221;0&#8243; z_index=&#8221;0&#8243; medium_width=&#8221;0&#8243; mobile_width=&#8221;0&#8243; width=&#8221;1\/1&#8243; uncode_shortcode_id=&#8221;630409&#8243;][vc_custom_heading text_color=&#8221;color-xsdn&#8221; text_font=&#8221;font-785749&#8243; text_weight=&#8221;800&#8243; uncode_shortcode_id=&#8221;327529&#8243; text_color_type=&#8221;uncode-palette&#8221;]<\/p>\n<h2 style=\"text-align: left;\"><span class=\"font-785749\" style=\"color: #ffffff;\">4. Aandacht voor de hulpvrager<\/span><\/h2>\n<p>[\/vc_custom_heading][\/vc_column][\/vc_row][vc_row row_height_percent=&#8221;0&#8243; override_padding=&#8221;yes&#8221; h_padding=&#8221;2&#8243; top_padding=&#8221;5&#8243; bottom_padding=&#8221;5&#8243; back_color=&#8221;color-lxmt&#8221; overlay_alpha=&#8221;50&#8243; gutter_size=&#8221;3&#8243; column_width_percent=&#8221;100&#8243; shift_y=&#8221;0&#8243; z_index=&#8221;0&#8243; bottom_divider=&#8221;step&#8221; uncode_shortcode_id=&#8221;127576&#8243; back_color_type=&#8221;uncode-palette&#8221;][vc_column column_width_percent=&#8221;100&#8243; gutter_size=&#8221;3&#8243; overlay_alpha=&#8221;50&#8243; shift_x=&#8221;0&#8243; shift_y=&#8221;0&#8243; shift_y_down=&#8221;0&#8243; z_index=&#8221;0&#8243; medium_width=&#8221;0&#8243; mobile_width=&#8221;0&#8243; width=&#8221;1\/1&#8243; uncode_shortcode_id=&#8221;196295&#8243; el_id=&#8221;cindy&#8221; el_class=&#8221;cindy&#8221;][vc_row_inner row_inner_height_percent=&#8221;0&#8243; overlay_alpha=&#8221;50&#8243; gutter_size=&#8221;4&#8243; shift_y=&#8221;0&#8243; z_index=&#8221;0&#8243; uncode_shortcode_id=&#8221;259047&#8243; limit_content=&#8221;&#8221;][vc_column_inner column_width_percent=&#8221;100&#8243; gutter_size=&#8221;3&#8243; overlay_alpha=&#8221;50&#8243; shift_x=&#8221;0&#8243; shift_y=&#8221;0&#8243; shift_y_down=&#8221;0&#8243; z_index=&#8221;0&#8243; medium_width=&#8221;4&#8243; mobile_width=&#8221;0&#8243; width=&#8221;1\/2&#8243; uncode_shortcode_id=&#8221;186179&#8243;][vc_custom_heading text_color=&#8221;color-151700&#8243; text_font=&#8221;font-785749&#8243; text_weight=&#8221;800&#8243; uncode_shortcode_id=&#8221;478627&#8243; text_color_type=&#8221;uncode-palette&#8221;]<\/p>\n<h3 style=\"text-align: left;\"><span class=\"font-785749\" style=\"color: #00c389;\">&#8216;Gevangene Cindy stuurt haar slachtoffer een spijtbrief&#8217;<\/span><\/h3>\n<p>[\/vc_custom_heading][vc_column_text uncode_shortcode_id=&#8221;178379&#8243;]<\/p>\n<p class=\"_04xlpA direction-ltr align-justify para-style-body\"><span class=\"S1PPyQ\" style=\"color: #000000;\">Cindy is een jonge vrouw van 30 jaar met een zachte blik. Nog maar kort geleden zat ze in de vrouwengevangenis, waar ze het heel moeilijk had: \u201cElke dag ruzie, roddel, zoveel leed.\u201d Toch was het geen verloren tijd. Ze heeft er ook wat geleerd: oog hebben voor haar slachtoffer. Onze cursus SOS Individueel &#8211; de herstelrechtcursus die gevangenen helpt na te denken over de gevolgen van hun delict voor het slachtoffer en de samenleving &#8211; was voor haar een eyeopener. Ze deed de cursus samen met onze vrijwilliger Carla. Via de organisatie Perspectief Herstelbemiddeling probeert ze nu in contact te komen met haar slachtoffer om haar te zeggen dat ze spijt heeft. Cindy wacht (op het moment van ons gesprek) nog op antwoord van haar slachtoffer. En dat vindt ze spannend.<\/span><\/p>\n<p class=\"_04xlpA direction-ltr align-justify para-style-body\"><span style=\"color: #000000;\"><strong><span class=\"S1PPyQ\">Normaal gezin<\/span><\/strong><\/span><\/p>\n<p class=\"_04xlpA direction-ltr align-justify para-style-body\"><span class=\"S1PPyQ\" style=\"color: #000000;\">Het lag niet aan haar jeugd of aan de opvoeding dat ze in de gevangenis terechtkwam, zegt Cindy. Ze maakte z\u00e9lf de verkeerde keuzes.<\/span><\/p>\n<p class=\"_04xlpA direction-ltr align-justify para-style-body\"><span style=\"color: #000000;\"><span class=\"S1PPyQ\">Cindy is de jongste in een gezin met zes kinderen. Met vier van hen gaat het voorspoedig: ze studeerden en hebben werk. Maar \u00e9\u00e9n van haar oudere broers was nog maar een tiener toen hij na een geweldsdelict de<\/span> <span class=\"S1PPyQ\">gevangenis in moest. \u201cDat heeft veel met mijn familie gedaan. Als kind ging ik jarenlang elke week bij hem op bezoek.\u201d<\/span><\/span><\/p>\n<p class=\"_04xlpA direction-ltr align-justify para-style-body\"><span style=\"color: #000000;\"><strong><span class=\"S1PPyQ\">Rebels<\/span><\/strong><\/span><\/p>\n<p class=\"_04xlpA direction-ltr align-justify para-style-body\"><span class=\"S1PPyQ\" style=\"color: #000000;\">Als puber was Cindy super rebels. Dat werd er niet beter op toen haar ouders uit elkaar gingen. Cindy bleef bij haar moeder wonen. Toen haar moeder ernstig ziek werd en haar baan verloor, besloot Cindy de prostitutie in te gaan om voor inkomen te zorgen. Een schoolopleiding maakte ze nooit af. Haar leven werd bijzonder zwaar toen haar moeder overleed en Cindy ineens geen moeder, geen huis en geen stabiliteit <\/span><span class=\"S1PPyQ\" style=\"color: #000000;\">meer had. \u201cIk kon haar overlijden moeilijk accepteren en raakte in een depressie. Ik was te moe om te werken. Toen bedacht ik dat ik <\/span><span class=\"S1PPyQ\" style=\"color: #000000;\">andere meiden voor me kon laten werken. <\/span><\/p>\n<p>[\/vc_column_text][\/vc_column_inner][vc_column_inner column_width_percent=&#8221;100&#8243; gutter_size=&#8221;3&#8243; overlay_alpha=&#8221;50&#8243; shift_x=&#8221;0&#8243; shift_y=&#8221;0&#8243; shift_y_down=&#8221;0&#8243; z_index=&#8221;0&#8243; medium_width=&#8221;4&#8243; mobile_width=&#8221;0&#8243; width=&#8221;1\/2&#8243; uncode_shortcode_id=&#8221;190347&#8243;][vc_single_image media=&#8221;118993&#8243; media_width_percent=&#8221;100&#8243; uncode_shortcode_id=&#8221;470772&#8243;][vc_column_text uncode_shortcode_id=&#8221;140686&#8243;]<\/p>\n<p class=\"_04xlpA direction-ltr align-justify para-style-body\"><span class=\"S1PPyQ\" style=\"color: #000000;\"> Mijn gedetineerde broer wist een meisje dat geen vaste woonplek had en de prostitutie in wilde. Ik maakte een advertentie voor haar, met als adres het appartement waar ik woonde. Daar is het mis gegaan. Het bleek een vrouw met een verstandelijke beperking. Ze had een vriendje dat best knap was. Ik wilde niet inzien dat hij haar misleidde.\u201d<\/span><\/p>\n<p class=\"_04xlpA direction-ltr align-justify para-style-body\"><span class=\"S1PPyQ\" style=\"color: #000000;\">De situatie veranderde drastisch toen deze vrouw aangifte deed bij de politie. Cindy werd samen met andere betrokkenen opgepakt en veroordeeld voor medeplichtigheid aan mensenhandel.<\/span><\/p>\n<p class=\"_04xlpA direction-ltr align-justify para-style-body\"><span class=\"S1PPyQ\" style=\"color: #000000;\">In hoger beroep kreeg ze 6 maanden cel en een boete van 6.000 euro. \u201cIk vind het jammer van de schadevergoeding die ik moet betalen, maar de straf heb ik verdiend.\u201d<\/span><\/p>\n<p class=\"_04xlpA direction-ltr align-justify para-style-body\"><span style=\"color: #000000;\"><strong><span class=\"S1PPyQ\">Schoon schip<\/span><\/strong><\/span><\/p>\n<p class=\"_04xlpA direction-ltr align-justify para-style-body\"><span class=\"S1PPyQ\" style=\"color: #000000;\">Aan de SOS-training die ze in de gevangenis volgde, heeft Cindy veel gehad. \u201cSOS zet je aan het denken.\u201d Ze heeft echt spijt van de keuzes die ze maakte en ze besluit schoon schip te<\/span><\/p>\n<p class=\"_04xlpA direction-ltr align-justify para-style-body\"><span style=\"color: #000000;\"><span class=\"S1PPyQ\">maken. Als \u2018hersteldaad\u2019 aan het eind van haar<\/span> <span class=\"S1PPyQ\">SOS-training betuigt ze via een zelfgeschreven, indringend gedicht spijt aan haar slachtoffer. Ze wil het graag aan haar slachtoffer geven, haar in de ogen kunnen kijken. Ze wacht nu met heel veel spanning de berichten af van Perspectief Herstelbemiddeling die bezig is het contact te leggen.<\/span><\/span><\/p>\n<p class=\"_04xlpA direction-ltr align-justify para-style-body\"><span class=\"S1PPyQ\" style=\"color: #000000;\">Ondertussen is Cindy druk bezig haar leven een andere wending te geven, ze solliciteert, zoekt werk en een opleiding. Binnenkort krijgt ze daarbij steun van een andere vrijwilliger van Gevangenenzorg, iemand die in haar buurt woont.<\/span><\/p>\n<p>[\/vc_column_text][\/vc_column_inner][\/vc_row_inner][\/vc_column][\/vc_row][vc_row row_height_percent=&#8221;0&#8243; override_padding=&#8221;yes&#8221; h_padding=&#8221;2&#8243; top_padding=&#8221;5&#8243; bottom_padding=&#8221;3&#8243; overlay_alpha=&#8221;100&#8243; gutter_size=&#8221;3&#8243; column_width_percent=&#8221;100&#8243; shift_y=&#8221;0&#8243; z_index=&#8221;0&#8243; row_height_use_pixel=&#8221;&#8221; uncode_shortcode_id=&#8221;135102&#8243;][vc_column column_width_use_pixel=&#8221;yes&#8221; gutter_size=&#8221;3&#8243; overlay_alpha=&#8221;50&#8243; shift_x=&#8221;0&#8243; shift_y=&#8221;0&#8243; shift_y_down=&#8221;0&#8243; z_index=&#8221;0&#8243; medium_width=&#8221;0&#8243; mobile_width=&#8221;0&#8243; zoom_width=&#8221;0&#8243; zoom_height=&#8221;0&#8243; column_width_pixel=&#8221;800&#8243; uncode_shortcode_id=&#8221;624727&#8243;][vc_custom_heading text_color=&#8221;color-151700&#8243; text_font=&#8221;font-785749&#8243; text_weight=&#8221;800&#8243; uncode_shortcode_id=&#8221;152464&#8243; text_color_type=&#8221;uncode-palette&#8221;]<\/p>\n<h2 style=\"text-align: left;\"><span class=\"font-785749\" style=\"color: #00c389;\">4.1 Aandacht voor Gevangenen<\/span><\/h2>\n<p>[\/vc_custom_heading][vc_column_text uncode_shortcode_id=&#8221;185812&#8243;]<\/p>\n<p class=\"_04xlpA direction-ltr align-justify para-style-body\"><span class=\"S1PPyQ\" style=\"color: #000000;\">Begin 2022 hadden we de hoop om al snel weer present te kunnen zijn bij onze gevangen hulpvragers. De coronamaatregelen werden na een harde lockdown, in de eerste maanden langzaam versoepeld. Uiteindelijk vervielen pas in maart de laatste maatregelen. Daarna konden onze vrijwilligers weer op bezoek en werden andere programma\u2019s weer opgestart.<\/span><\/p>\n<p>[\/vc_column_text][vc_custom_heading text_color=&#8221;color-151700&#8243; text_font=&#8221;font-785749&#8243; text_weight=&#8221;800&#8243; uncode_shortcode_id=&#8221;157772&#8243; text_color_type=&#8221;uncode-palette&#8221;]<\/p>\n<h5 style=\"text-align: left;\"><span class=\"font-785749\" style=\"color: #00c389;\"><span class=\"S1PPyQ\">Op bezoek<\/span><\/span><\/h5>\n<p>[\/vc_custom_heading][vc_column_text uncode_shortcode_id=&#8221;109446&#8243;]<span style=\"color: #000000;\"><span class=\"S1PPyQ\">In 2022 hebben onze vrijwilligers in totaal 316 gevangenen bezocht. We verwelkomden 116 nieuwe gevangenen, met ieder hun eigen verhaal en vragen. Veel gevangenen geven aan het<\/span> <span class=\"S1PPyQ\">het vaak moeilijk te vinden om orde te scheppen in de \u2018chaos van hun leven\u2019. Het<\/span> <span class=\"S1PPyQ\">bezoek door vrijwilligers is voor hen goud waard.<\/span><\/span>[\/vc_column_text][vc_custom_heading text_color=&#8221;color-553973&#8243; text_font=&#8221;font-785749&#8243; text_weight=&#8221;800&#8243; uncode_shortcode_id=&#8221;189466&#8243; text_color_type=&#8221;uncode-palette&#8221;]<\/p>\n<h3 style=\"text-align: left;\"><span class=\"font-785749\" style=\"color: #672146;\"><span class=\"S1PPyQ\"><em>\u201cIk vind juist de wisselwerking tussen mijn casemanager en Gevangenenzorg Nederland de sleutel tot succes.\u201d<\/em> <\/span><\/span><\/h3>\n<p><span style=\"color: #000000;\">&#8211; Joost, gevangene<\/span>[\/vc_custom_heading][vc_custom_heading text_color=&#8221;color-151700&#8243; text_font=&#8221;font-785749&#8243; text_weight=&#8221;800&#8243; uncode_shortcode_id=&#8221;178591&#8243; text_color_type=&#8221;uncode-palette&#8221;]<\/p>\n<h5 style=\"text-align: left;\"><span class=\"font-785749\" style=\"color: #00c389;\"><span class=\"S1PPyQ\">Meet up<\/span><\/span><\/h5>\n<p>[\/vc_custom_heading][vc_column_text uncode_shortcode_id=&#8221;211714&#8243;]<\/p>\n<p class=\"_04xlpA direction-ltr align-start para-style-body\"><span style=\"color: #000000;\"><span class=\"S1PPyQ\">Vrijwilligers zijn bij een Meet Up een aantal uur op een leefafdeling van een gevangenis aanwezig voor een vrijblijvend contact. Gevangenen die (nog) geen behoefte hebben aan een bezoekvrijwilliger voor langer contact, kunnen op deze wijze toch even hun verhaal doen en eventueel advies vragen. Pas in de loop van het tweede kwartaal konden we de Meet Up weer opstarten. <\/span><span class=\"S1PPyQ\">Het bleef in 2022 bij de PI\u2019s van Rotterdam, locatie Hoogvliet en PI Veenhuizen, locatie Esserheem, op in totaal 4 leefafdelingen. De verwachting is dat er in 2023 weer in 4 PI\u2019s Meet Ups op 11 leefafdelingen zullen draaien.<\/span><\/span><\/p>\n<p>[\/vc_column_text][vc_custom_heading text_color=&#8221;color-151700&#8243; text_font=&#8221;font-785749&#8243; text_weight=&#8221;800&#8243; uncode_shortcode_id=&#8221;811648&#8243; text_color_type=&#8221;uncode-palette&#8221;]<\/p>\n<h5 style=\"text-align: left;\"><span class=\"font-785749\" style=\"color: #00c389;\"><span class=\"S1PPyQ\">SOS<\/span><\/span><\/h5>\n<p>[\/vc_custom_heading][vc_column_text uncode_shortcode_id=&#8221;182711&#8243;]<\/p>\n<p class=\"_04xlpA direction-ltr align-start para-style-body\"><span style=\"color: #000000;\">Herstelgericht werken wordt steeds belangrijker. De Wet Straffen en Beschermen (Wet SenB) heeft als visie \u2018Recht doen, kansen bieden\u2019, waarbij geldt: 1) Straf is straf, 2) gedrag telt en 3) werken aan veilige terugkeer. De bijbehorende acties richting een veilige terugkeer worden vastgelegd in een detentie- en re-integratieplan (D&amp;R-plan). GNd kan daarin bijdragen door het aanbod van herstelgerichte SOS-programma\u2019s. Deze cursussen, waarin gesproken wordt over Schuld, Slachtoffers en Samenleving, stellen \u2018verantwoordelijkheid nemen\u2019 centraal. SOS kent naast een groepscursus ook de varianten Individueel, Follow Up en Nazorggesprekken. Dankzij onze betrokken vrijwilligers konden we weer ruim 100 hulpvragers deze cursussen laten volgen.<\/span><\/p>\n<p>[\/vc_column_text][\/vc_column][\/vc_row][vc_row unlock_row_content=&#8221;yes&#8221; row_height_percent=&#8221;0&#8243; override_padding=&#8221;yes&#8221; h_padding=&#8221;0&#8243; top_padding=&#8221;0&#8243; bottom_padding=&#8221;0&#8243; overlay_alpha=&#8221;100&#8243; gutter_size=&#8221;0&#8243; style=&#8221;inherited&#8221;][\/vc_row][vc_row unlock_row_content=&#8221;yes&#8221; row_height_percent=&#8221;0&#8243; override_padding=&#8221;yes&#8221; h_padding=&#8221;0&#8243; top_padding=&#8221;0&#8243; bottom_padding=&#8221;0&#8243; overlay_alpha=&#8221;50&#8243; equal_height=&#8221;yes&#8221; gutter_size=&#8221;0&#8243; shift_y=&#8221;0&#8243;][\/vc_row][vc_row row_height_percent=&#8221;65&#8243; override_padding=&#8221;yes&#8221; h_padding=&#8221;2&#8243; top_padding=&#8221;5&#8243; bottom_padding=&#8221;5&#8243; back_color=&#8221;color-lxmt&#8221; overlay_color=&#8221;color-uydo&#8221; overlay_alpha=&#8221;50&#8243; gutter_size=&#8221;3&#8243; column_width_percent=&#8221;100&#8243; shift_y=&#8221;0&#8243; z_index=&#8221;0&#8243; uncode_shortcode_id=&#8221;460395&#8243; back_color_type=&#8221;uncode-palette&#8221; overlay_color_type=&#8221;uncode-palette&#8221;][vc_column column_width_percent=&#8221;100&#8243; position_vertical=&#8221;middle&#8221; gutter_size=&#8221;5&#8243; overlay_alpha=&#8221;50&#8243; shift_x=&#8221;0&#8243; shift_y=&#8221;0&#8243; shift_y_down=&#8221;0&#8243; z_index=&#8221;0&#8243; medium_width=&#8221;0&#8243; mobile_width=&#8221;0&#8243; width=&#8221;1\/1&#8243;][vc_row_inner row_inner_height_percent=&#8221;0&#8243; overlay_alpha=&#8221;50&#8243; gutter_size=&#8221;4&#8243; shift_y=&#8221;0&#8243; z_index=&#8221;0&#8243; limit_content=&#8221;&#8221;][vc_column_inner column_width_percent=&#8221;100&#8243; gutter_size=&#8221;3&#8243; overlay_alpha=&#8221;50&#8243; shift_x=&#8221;0&#8243; shift_y=&#8221;0&#8243; shift_y_down=&#8221;0&#8243; z_index=&#8221;0&#8243; medium_width=&#8221;0&#8243; mobile_width=&#8221;0&#8243; width=&#8221;1\/3&#8243;][vc_icon position=&#8221;left&#8221; icon=&#8221;fa fa-strategy&#8221; icon_image=&#8221;118995&#8243; icon_color=&#8221;accent&#8221; media_size=&#8221;120&#8243; text_size=&#8221;h4&#8243; uncode_shortcode_id=&#8221;127904&#8243; icon_color_type=&#8221;uncode-palette&#8221;]<span style=\"color: #000000;\">316 hulpvragers kregen in 2022 bezoek van onze vrijwilligers (t.o.v. doel 230), die hen een luisterend oor boden en voorzagen van adviezen richting herstel.<\/span>[\/vc_icon][\/vc_column_inner][vc_column_inner column_width_percent=&#8221;100&#8243; gutter_size=&#8221;3&#8243; overlay_alpha=&#8221;50&#8243; shift_x=&#8221;0&#8243; shift_y=&#8221;0&#8243; shift_y_down=&#8221;0&#8243; z_index=&#8221;0&#8243; medium_width=&#8221;0&#8243; mobile_width=&#8221;0&#8243; width=&#8221;1\/3&#8243;][vc_icon position=&#8221;left&#8221; icon=&#8221;fa fa-close&#8221; icon_image=&#8221;118996&#8243; icon_color=&#8221;accent&#8221; media_size=&#8221;120&#8243; text_size=&#8221;h4&#8243; uncode_shortcode_id=&#8221;205438&#8243; icon_color_type=&#8221;uncode-palette&#8221;]<span style=\"color: #000000;\">258 kinderen werden verblijd met een verjaardagscadeautje namens hun vader of moeder.<\/span>[\/vc_icon][\/vc_column_inner][vc_column_inner column_width_percent=&#8221;100&#8243; gutter_size=&#8221;3&#8243; overlay_alpha=&#8221;50&#8243; shift_x=&#8221;0&#8243; shift_y=&#8221;0&#8243; shift_y_down=&#8221;0&#8243; z_index=&#8221;0&#8243; medium_width=&#8221;0&#8243; mobile_width=&#8221;0&#8243; width=&#8221;1\/3&#8243;][vc_icon position=&#8221;left&#8221; icon=&#8221;fa fa-book-open&#8221; icon_color=&#8221;color-151700&#8243; size=&#8221;fa-5x&#8221; text_size=&#8221;h4&#8243; uncode_shortcode_id=&#8221;347785&#8243; icon_color_type=&#8221;uncode-palette&#8221;]<span style=\"color: #000000;\"><span class=\"S1PPyQ\">Er werden <\/span><span class=\"S1PPyQ\">43<\/span><span class=\"S1PPyQ\"> SOS cursussen gegeven (waarvan <\/span><span class=\"S1PPyQ\">2<\/span><span class=\"S1PPyQ\"> in een tbs- kliniek); <\/span><span class=\"S1PPyQ\">31<\/span><span class=\"S1PPyQ\"> gevangenen ontvingen daarnaast nog een SOS Follow up (<\/span><span class=\"S1PPyQ\">11<\/span><span class=\"S1PPyQ\">) cq. SOS Nazorggesprekken.<\/span><\/span>[\/vc_icon][\/vc_column_inner][\/vc_row_inner][\/vc_column][\/vc_row][vc_row row_height_percent=&#8221;0&#8243; override_padding=&#8221;yes&#8221; h_padding=&#8221;2&#8243; top_padding=&#8221;5&#8243; bottom_padding=&#8221;5&#8243; back_color=&#8221;color-lxmt&#8221; overlay_alpha=&#8221;50&#8243; gutter_size=&#8221;3&#8243; column_width_percent=&#8221;100&#8243; shift_y=&#8221;0&#8243; z_index=&#8221;0&#8243; bottom_divider=&#8221;step&#8221; uncode_shortcode_id=&#8221;127576&#8243; back_color_type=&#8221;uncode-palette&#8221;][vc_column column_width_percent=&#8221;100&#8243; gutter_size=&#8221;3&#8243; font_family=&#8221;font-136269&#8243; overlay_alpha=&#8221;50&#8243; shift_x=&#8221;0&#8243; shift_y=&#8221;0&#8243; shift_y_down=&#8221;0&#8243; z_index=&#8221;0&#8243; medium_width=&#8221;0&#8243; mobile_width=&#8221;0&#8243; width=&#8221;1\/1&#8243; uncode_shortcode_id=&#8221;152228&#8243;][vc_row_inner row_inner_height_percent=&#8221;0&#8243; overlay_alpha=&#8221;50&#8243; gutter_size=&#8221;4&#8243; shift_y=&#8221;0&#8243; z_index=&#8221;0&#8243; uncode_shortcode_id=&#8221;259047&#8243; limit_content=&#8221;&#8221;][vc_column_inner column_width_percent=&#8221;100&#8243; gutter_size=&#8221;3&#8243; overlay_alpha=&#8221;50&#8243; shift_x=&#8221;0&#8243; shift_y=&#8221;0&#8243; shift_y_down=&#8221;0&#8243; z_index=&#8221;0&#8243; medium_width=&#8221;4&#8243; mobile_width=&#8221;0&#8243; width=&#8221;1\/2&#8243; uncode_shortcode_id=&#8221;186179&#8243;][vc_custom_heading text_color=&#8221;color-151700&#8243; text_font=&#8221;font-785749&#8243; text_weight=&#8221;800&#8243; uncode_shortcode_id=&#8221;158547&#8243; text_color_type=&#8221;uncode-palette&#8221;]<\/p>\n<h3 style=\"text-align: left;\"><span class=\"font-785749\" style=\"color: #00c389;\">&#8216;Je kunt je hart luchten. Daar knap je van op&#8217;<\/span><\/h3>\n<p>[\/vc_custom_heading][vc_column_text uncode_shortcode_id=&#8221;154681&#8243;]<\/p>\n<p class=\"_04xlpA direction-ltr align-justify para-style-body\"><span class=\"S1PPyQ\" style=\"color: #000000;\">&#8220;Ik had nog nooit last gehad met de politie&#8221;, zegt Jan (midden vijftig). Hij had na een moeilijke tijd fijn werk en met hulp zijn financi\u00ebn weer op orde. Met zijn nieuwe vriendin en hun kleuterzoontje woonde hij in een kleine flat die hij eigenhandig had opgeknapt. Zijn vriendin weet, in tegenstelling tot Jan, prima de weg op de computer. Ze kon bij zijn bankrekening, waardoor het fragiele financi\u00eble evenwicht uit balans raakte. Ze kregen hevige discussies over de financi\u00ebn, maar ook over opvoeding en huishouden.<\/span><\/p>\n<p class=\"_04xlpA direction-ltr align-justify para-style-body\"><span style=\"color: #000000;\"><strong><span class=\"S1PPyQ\">Ruzie<\/span><\/strong><\/span><\/p>\n<p class=\"_04xlpA direction-ltr align-justify para-style-body\"><span class=\"S1PPyQ\" style=\"color: #000000;\">Ruim twee jaar geleden liep een ruzie over de financi\u00ebn totaal uit de hand. De buren in de flat waarschuwden de politie en Jan werd opgepakt. \u201cZe slaan je gelijk in de boeien alsof je een crimineel bent. Ik begrijp hun protocol, maar het kan ook op een andere manier.&#8221; Hij vindt het<\/span><\/p>\n<p class=\"_04xlpA direction-ltr align-justify para-style-body\"><span class=\"S1PPyQ\" style=\"color: #000000;\">nog moeilijk. &#8220;Alle buren van de flat stonden te kijken hoe ik het politiebusje in werd geduwd, met mijn armen op de rug en in de boeien.&#8221; Hij werd voor een nacht opgesloten in een politiecel.<\/span><\/p>\n<p class=\"_04xlpA direction-ltr align-justify para-style-body\"><span class=\"S1PPyQ\" style=\"color: #000000;\">Jan kreeg een voorwaardelijke gevangenisstraf voor huiselijk geweld. De voorwaarden waren dat hij zich twee jaar lang elke twee weken bij de reclassering moest melden voor een gesprek en dat hij in therapie ging.<\/span><\/p>\n<p class=\"_04xlpA direction-ltr align-justify para-style-body\"><span class=\"S1PPyQ\" style=\"color: #000000;\">Via de reclassering hoorde Jan dat hij bezoek kon krijgen van een vrijwilliger van Gevangenenzorg, hoewel hij niet gevangen zit of heeft gezeten. Daar maakte hij dankbaar gebruik van en zo kwam onze vrijwilliger Matthijs in beeld. \u201cHet klikte gelijk\u201d, zegt Jan. Hij vindt het fijn om te kunnen praten over alles wat op hem afkomt. E\u00e9n keer per maand komt Matthijs een ochtend op bezoek, en als dat nodig is, wat vaker. Lukt het Jan bijvoorbeeld <\/span><span class=\"S1PPyQ\" style=\"color: #000000;\">niet om een formulier in te vullen, dan komt Matthijs hem helpen. Jan is daar erg blij mee. &#8220;Als ik ergens mee zit, kan ik om raad vragen<\/span><\/p>\n<p class=\"_04xlpA direction-ltr align-justify para-style-body\"><span class=\"S1PPyQ\" style=\"color: #000000;\">Dat vind ik zo fijn eraan.\u201d Hij heeft dit nodig om zijn leven op de rit te houden.<\/span><\/p>\n<p>[\/vc_column_text][\/vc_column_inner][vc_column_inner column_width_percent=&#8221;100&#8243; gutter_size=&#8221;3&#8243; overlay_alpha=&#8221;50&#8243; shift_x=&#8221;0&#8243; shift_y=&#8221;0&#8243; shift_y_down=&#8221;0&#8243; z_index=&#8221;0&#8243; medium_width=&#8221;4&#8243; mobile_width=&#8221;0&#8243; width=&#8221;1\/2&#8243; uncode_shortcode_id=&#8221;190347&#8243;][vc_single_image media=&#8221;118999&#8243; media_width_percent=&#8221;100&#8243; uncode_shortcode_id=&#8221;176726&#8243;][vc_column_text uncode_shortcode_id=&#8221;289626&#8243;]<\/p>\n<p class=\"_04xlpA direction-ltr align-justify para-style-body\"><span style=\"color: #000000;\"><strong><span class=\"S1PPyQ\">Er zijn voor de medemens<\/span><\/strong><\/span><\/p>\n<p class=\"_04xlpA direction-ltr align-justify para-style-body\"><span class=\"S1PPyQ\" style=\"color: #000000;\">Het bleek verstandig om de vriendin van Jan erbij te betrekken. Ze woont inmiddels ergens anders, maar ze hebben nog veel contact met elkaar. Jan helpt haar waar nodig, zowel financieel als bij de opvoeding. Hun zoontje is afwisselend bij zijn vader en moeder. Jan is gek op zijn zoontje: \u201cMijn alles&#8221;, zegt hij trots als hij een foto van zijn kind laat zien. Zijn vriendin stond open voor een gesprek met Jan en een andere vrijwilliger van Gevangenenzorg. De uitkomst was dat Jan en zijn vriendin werden doorverwezen naar een organisatie die hen kan begeleiden bij de omgang met elkaar, de opvoeding en de financi\u00ebn. Dat neemt de druk op Jan wat weg. Matthijs heeft geen contact met de vriendin, hij is er helemaal voor Jan. Daar<\/span><\/p>\n<p class=\"_04xlpA direction-ltr align-justify para-style-body\"><span class=\"S1PPyQ\" style=\"color: #000000;\">heeft Matthijs, nu hij met pensioen is, de tijd voor. \u201cIk wil met mensen in contact treden, er zijn voor mijn medemens. Wie hij of zij ook is. Ook vanuit mijn christen-zijn wil ik naast de mensen staan.\u201d<\/span><\/p>\n<p class=\"_04xlpA direction-ltr align-justify para-style-body\"><span style=\"color: #000000;\"><strong><span class=\"S1PPyQ\">Uitkomst<\/span><\/strong><\/span><\/p>\n<p class=\"_04xlpA direction-ltr align-justify para-style-body\"><span class=\"S1PPyQ\" style=\"color: #000000;\">Jan is dankbaar voor de bezoeken en de aandacht van Matthijs. Hij heeft weinig contact met zijn familie. Zijn ouders en broer met wie hij het goed kon vinden, leven niet meer. E\u00e9n muur van zijn flat is ingericht met portretfoto\u2019s en persoonlijke voorwerpen van hen, als gedenkplaats. Zijn dochter uit een eerder huwelijk woont ver weg en moet zelf alle zeilen bijzetten om haar gezin in goede banen te leiden. Hij ziet haar weinig.<\/span><\/p>\n<p class=\"_04xlpA direction-ltr align-justify para-style-body\"><span class=\"S1PPyQ\" style=\"color: #000000;\">Voor Jan is het een uitkomst dat hij bij Matthijs steeds zijn verhaal kwijt kan en hem om raad kan vragen. Dat neemt de spanning weg die hij vroeger opkropte. Of zoals Jan het zegt: \u201cJe kan je hart luchten. Daar knap je zo van op.\u201d<\/span><\/p>\n<p>[\/vc_column_text][\/vc_column_inner][\/vc_row_inner][\/vc_column][\/vc_row][vc_row row_height_percent=&#8221;0&#8243; override_padding=&#8221;yes&#8221; h_padding=&#8221;2&#8243; top_padding=&#8221;5&#8243; bottom_padding=&#8221;3&#8243; overlay_alpha=&#8221;100&#8243; gutter_size=&#8221;3&#8243; column_width_percent=&#8221;100&#8243; shift_y=&#8221;0&#8243; z_index=&#8221;0&#8243; row_height_use_pixel=&#8221;&#8221; uncode_shortcode_id=&#8221;135102&#8243;][vc_column column_width_use_pixel=&#8221;yes&#8221; gutter_size=&#8221;3&#8243; overlay_alpha=&#8221;50&#8243; shift_x=&#8221;0&#8243; shift_y=&#8221;0&#8243; shift_y_down=&#8221;0&#8243; z_index=&#8221;0&#8243; medium_width=&#8221;0&#8243; mobile_width=&#8221;0&#8243; zoom_width=&#8221;0&#8243; zoom_height=&#8221;0&#8243; column_width_pixel=&#8221;800&#8243; uncode_shortcode_id=&#8221;624727&#8243;][vc_custom_heading text_color=&#8221;color-151700&#8243; text_font=&#8221;font-785749&#8243; text_weight=&#8221;800&#8243; uncode_shortcode_id=&#8221;109302&#8243; text_color_type=&#8221;uncode-palette&#8221;]<\/p>\n<h2 style=\"text-align: left;\"><span class=\"font-785749\" style=\"color: #00c389;\">4.2 Aandacht voor Terugkeer<\/span><\/h2>\n<p>[\/vc_custom_heading][vc_column_text uncode_shortcode_id=&#8221;146848&#8243;]<\/p>\n<p class=\"_04xlpA direction-ltr align-justify para-style-body\"><span class=\"S1PPyQ\" style=\"color: #000000;\">Gevangenenzorg Nederland levert een bijdrage aan een goede terugkeer van (ex-)gevangenen in de maatschappij. Gevangenen worden kansen geboden door passende hulp gericht op werk, een sociaal netwerk en huisvesting. Toekomstperspectief op deze leefgebieden is cruciaal om weer te kunnen functioneren in de maatschappij en een nieuw bestaan op te kunnen bouwen zonder criminaliteit en detentie. Daarnaast bieden we deze hulp aan een groep hulpvragers die niet vast heeft gezeten, maar wel reclasseringstoezicht opgelegd heeft gekregen.<\/span><\/p>\n<p>[\/vc_column_text][vc_custom_heading text_color=&#8221;color-151700&#8243; text_font=&#8221;font-785749&#8243; text_weight=&#8221;800&#8243; uncode_shortcode_id=&#8221;168440&#8243; text_color_type=&#8221;uncode-palette&#8221;]<\/p>\n<h5 style=\"text-align: left;\"><span class=\"font-785749\" style=\"color: #00c389;\"><span class=\"S1PPyQ\">Maatwerk<\/span><\/span><\/h5>\n<p>[\/vc_custom_heading][vc_column_text uncode_shortcode_id=&#8221;128976&#8243;]<\/p>\n<p class=\"_04xlpA direction-ltr align-justify para-style-body\"><span style=\"color: #000000;\"><span class=\"S1PPyQ\">De focus van Maatwerk is arbeidsintegratie. In 2022 is een driejarige<\/span> <span class=\"S1PPyQ\">pilot gestart in PI Alphen a\/d Rijn. Dit op verzoek van de minister voor Rechtsbescherming met als vraag te bezien hoe de geleerde lessen uit de succesvolle pilot De Compagnie (2016-2021 PI Krimpen a\/d IJssel) op een duurzame wijze in het reguliere proces van de gevangenis kunnen worden ge\u00efmplementeerd.<\/span><\/span><\/p>\n<p class=\"_04xlpA direction-ltr align-justify para-style-body\"><span class=\"S1PPyQ\" style=\"color: #000000;\">Centraal in het aanbod naar de gevangene staat onze Cursus ArbeidsOri\u00ebntatie (CAO). Die helpt de gevangene een beroep te kiezen dat bij hem past en om te gaan leren.<\/span><\/p>\n<p class=\"_04xlpA direction-ltr align-justify para-style-body\"><span class=\"S1PPyQ\" style=\"color: #000000;\">De opstart van het project in een nieuwe omgeving vroeg de nodige tijd. Daarnaast was de gevangenis tot en met maart gesloten vanwege corona.<\/span><\/p>\n<p class=\"_04xlpA direction-ltr align-justify para-style-body\"><span class=\"S1PPyQ\" style=\"color: #000000;\">Na het eerste pilotjaar (2022) is de belangrijkste conclusie dat er omgedacht moet worden van concept naar contact. De (groeps)aanpak van De Compagnie is niet \u00e9\u00e9n op \u00e9\u00e9n over te zetten in een (individuele) aanpak. Het vertrekpunt zal juist het persoonlijk contact moeten zijn, waarna het aanbod (van Maatwerk) kan volgen. Het in contact komen is de grootste uitdaging. Dat geldt niet alleen in Alphen, maar ook in andere gevangenissen waar we de bezoeken en de CAO aanbieden. We hadden de verwachting dat er 70 nieuwe trajecten zouden starten.<\/span><\/p>\n<p><span class=\"S1PPyQ\" style=\"color: #000000;\">In de praktijk startten er slechts 25 van de 47 aanmeldingen. Een deel van de aanmeldingen werd geen traject vanwege te kort strafrestant, overplaatsing naar andere PI\u2019s of afwijzing door het MDO. In 2022 zijn intussen 12 CAO\u2019s gestart en 18 gevangenen bemiddeld naar werk. Daaronder was ook een aantal oud-deelnemers van De Compagnie. De doorgaande zorg aan hen is onderdeel van opdracht van de Minister, waarmee we uiteraard blij zijn.<\/span>[\/vc_column_text][vc_custom_heading text_color=&#8221;color-151700&#8243; text_font=&#8221;font-785749&#8243; text_weight=&#8221;800&#8243; uncode_shortcode_id=&#8221;460508&#8243; text_color_type=&#8221;uncode-palette&#8221;]<\/p>\n<h5 style=\"text-align: left;\"><span class=\"font-785749\" style=\"color: #00c389;\"><span class=\"S1PPyQ\">Nazorg<\/span><\/span><\/h5>\n<p>[\/vc_custom_heading][vc_column_text uncode_shortcode_id=&#8221;189413&#8243;]<\/p>\n<p class=\"_04xlpA direction-ltr align-start para-style-body\"><span class=\"S1PPyQ\" style=\"color: #000000;\">We zijn dankbaar dat we temidden van diverse personele uitdagingen maar liefst 156 hulpvragers van dienst mochten zijn bij hun integratie. Dat waren er ruim 30 meer dan verwacht. Zeker brengen we ook hulde aan onze vrijwilligers voor hun trouw en toewijding.<\/span><\/p>\n<p>[\/vc_column_text][vc_custom_heading text_color=&#8221;color-151700&#8243; text_font=&#8221;font-785749&#8243; text_weight=&#8221;800&#8243; uncode_shortcode_id=&#8221;211991&#8243; text_color_type=&#8221;uncode-palette&#8221;]<\/p>\n<h5 style=\"text-align: left;\"><span class=\"font-785749\" style=\"color: #00c389;\"><span class=\"S1PPyQ\">Reclassering<\/span><\/span><\/h5>\n<p>[\/vc_custom_heading][vc_column_text uncode_shortcode_id=&#8221;105481&#8243;]<\/p>\n<p class=\"_04xlpA direction-ltr align-start para-style-body\"><span class=\"S1PPyQ\" style=\"color: #000000;\">Sinds 2021 werken we contractueel samen met de Reclassering in een meerjarig pilot project. Vrijwilligers worden in deze samenwerking gekoppeld aan reclassanten om op deze wijze een bijdrage te leveren aan resocialisatie en re-integratie. In 2022 zijn 33 nieuwe trajecten gestart. In totaal kwam het aantal trajecten dat jaar op 37.<\/span><\/p>\n<p>[\/vc_column_text][vc_custom_heading text_color=&#8221;color-151700&#8243; text_font=&#8221;font-785749&#8243; text_weight=&#8221;800&#8243; uncode_shortcode_id=&#8221;138721&#8243; text_color_type=&#8221;uncode-palette&#8221;]<\/p>\n<h5 style=\"text-align: left;\"><span class=\"font-785749\" style=\"color: #00c389;\"><span class=\"S1PPyQ\">Stichting Ontmoeting<\/span><\/span><\/h5>\n<p>[\/vc_custom_heading][vc_column_text uncode_shortcode_id=&#8221;961761&#8243;]<\/p>\n<p class=\"_04xlpA direction-ltr align-justify para-style-body\"><span class=\"S1PPyQ\" style=\"color: #000000;\">In het kader van het Forensisch label van Stichting Ontmoeting, is GNd in een feestelijke bijeenkomst in september een samenwerking met hen aangegaan. De bedoeling is gevangenen al vroegtijdig in de gevangenis een perspectief te geven op begeleid wonen na detentie bij \u00e9\u00e9n van de woonvormen van Ontmoeting. Zo ontstaat er al vroeg een warme overdracht vanuit een bestaand GNd-traject Een te overbruggen obstakel is de complexe regelgeving.<\/span><\/p>\n<p class=\"_04xlpA direction-ltr align-justify para-style-body\"><span class=\"S1PPyQ\" style=\"color: #000000;\">Het plaatsen van ex-gevangenen in begeleid wonen na detentie kan complex zijn vanuit verschillende wet- en regelgevende <\/span><span class=\"S1PPyQ\" style=\"color: #000000;\">perspectieven. Een voorbeeld hiervan is de huisvestingswetgeving. Ex-gevangenen ondervinden problemen bij het vinden van geschikte huisvesting wegens discriminatie, ondanks wetgeving die huisvestingsaanbieders dat verbiedt. Dit beperkt de opties voor huisvesting en vertraagt het plaatsingsproces. Een andere vertragende factor is de sociale zekerheidswetgeving m.b.t. het al dan niet (tijdig) ontvangen van een uitkering. Een derde vertragende factor kunnen juridische beperkingen zijn rondom werkgelegenheid en reizen.<\/span><\/p>\n<p class=\"_04xlpA direction-ltr align-justify para-style-body\"><span class=\"S1PPyQ\" style=\"color: #000000;\">Kortom, het plaatsen van ex-gevangenen in begeleid wonen na detentie kan complex zijn vanwege verschillende wet- en regelgevende factoren die van invloed zijn op hun huisvesting, <span class=\"S1PPyQ\">financi\u00eble middelen, werkgelegenheid, rechten en vrijheden. Het vereist een integrale benadering die rekening houdt met hun individuele behoeften en omstandigheden om succesvol te zijn.<\/span><\/span><\/p>\n<p class=\"_04xlpA direction-ltr align-justify para-style-body\">[\/vc_column_text][vc_custom_heading text_color=&#8221;color-151700&#8243; text_font=&#8221;font-785749&#8243; text_weight=&#8221;800&#8243; uncode_shortcode_id=&#8221;144889&#8243; text_color_type=&#8221;uncode-palette&#8221;]<\/p>\n<h5 style=\"text-align: left;\"><span class=\"font-785749\" style=\"color: #00c389;\"><span class=\"S1PPyQ\">Netwerkgesprekken<\/span><\/span><\/h5>\n<p>[\/vc_custom_heading][vc_column_text uncode_shortcode_id=&#8221;142833&#8243;]<\/p>\n<p class=\"_04xlpA direction-ltr align-start para-style-body\"><span class=\"S1PPyQ\" style=\"color: #000000;\">Om succesvol terug te keren in de samenleving is goed contact met het netwerk van groot belang. Vandaar dat we in het verleden zijn gestart met Netwerkgesprekken voor gevangenen die een nieuw netwerk op willen bouwen. We hebben daar goede ervaringen mee. Het opstarten van een Netwerkgesprek vraagt de nodige tijd en voorbereiding. We hebben helaas nog geen kans gezien om hier meer op in te zetten. In 2022 bleef het dan ook beperkt tot een enkel Netwerkgesprek. <\/span><\/p>\n<p>[\/vc_column_text][\/vc_column][\/vc_row][vc_row row_height_percent=&#8221;0&#8243; override_padding=&#8221;yes&#8221; h_padding=&#8221;2&#8243; top_padding=&#8221;5&#8243; bottom_padding=&#8221;5&#8243; back_color=&#8221;color-lxmt&#8221; overlay_alpha=&#8221;50&#8243; gutter_size=&#8221;3&#8243; column_width_percent=&#8221;100&#8243; shift_y=&#8221;0&#8243; z_index=&#8221;0&#8243; bottom_divider=&#8221;step&#8221; uncode_shortcode_id=&#8221;127576&#8243; back_color_type=&#8221;uncode-palette&#8221;][vc_column column_width_percent=&#8221;100&#8243; gutter_size=&#8221;3&#8243; font_family=&#8221;font-136269&#8243; overlay_alpha=&#8221;50&#8243; shift_x=&#8221;0&#8243; shift_y=&#8221;0&#8243; shift_y_down=&#8221;0&#8243; z_index=&#8221;0&#8243; medium_width=&#8221;0&#8243; mobile_width=&#8221;0&#8243; width=&#8221;1\/1&#8243; uncode_shortcode_id=&#8221;152228&#8243;][vc_row_inner row_inner_height_percent=&#8221;0&#8243; overlay_alpha=&#8221;50&#8243; gutter_size=&#8221;4&#8243; shift_y=&#8221;0&#8243; z_index=&#8221;0&#8243; uncode_shortcode_id=&#8221;259047&#8243; limit_content=&#8221;&#8221;][vc_column_inner column_width_percent=&#8221;100&#8243; gutter_size=&#8221;3&#8243; overlay_alpha=&#8221;50&#8243; shift_x=&#8221;0&#8243; shift_y=&#8221;0&#8243; shift_y_down=&#8221;0&#8243; z_index=&#8221;0&#8243; medium_width=&#8221;4&#8243; mobile_width=&#8221;0&#8243; width=&#8221;1\/2&#8243; uncode_shortcode_id=&#8221;186179&#8243;][vc_custom_heading text_color=&#8221;color-151700&#8243; text_font=&#8221;font-785749&#8243; text_weight=&#8221;800&#8243; uncode_shortcode_id=&#8221;126885&#8243; text_color_type=&#8221;uncode-palette&#8221;]<\/p>\n<h3 style=\"text-align: left;\"><span class=\"font-785749\" style=\"color: #00c389;\">\u2018Je weet niet wat je overkomt\u2019<\/span><\/h3>\n<p>[\/vc_custom_heading][vc_column_text uncode_shortcode_id=&#8221;167017&#8243;]<\/p>\n<p class=\"_04xlpA direction-ltr align-justify para-style-body\"><span class=\"S1PPyQ\" style=\"color: #000000;\">Wie Anna (30 jaar) en Roos (26) tegenkomt, ziet twee vrolijke jonge vrouwen. Ze werken allebei hard, hebben hun eerste kindje gekregen en ze lijken volop te genieten van alles wat het leven hen biedt. Ze genieten ook, maar er is een knik gekomen in hun leven. Allebei maakten ze mee dat hun jongere broer volledig onverwacht werd opgepakt en gevangen gezet. De broers met wie ze zo hecht zijn. \u201cEr ligt een schaduw over alles\u201d, zegt Anna.<\/span><\/p>\n<p class=\"_04xlpA direction-ltr align-justify para-style-body\"><span class=\"S1PPyQ\" style=\"color: #000000;\">De 26-jarige broer van Anna werd bijna een jaar geleden meegenomen door een zwaar bewapend arrestatieteam. \u201cJe weet niet wat je overkomt. Het is niet te bevatten. En je kunt er met niemand over praten. Niemand snapt het. Alleen Roos\u201d, zegt Anna.<\/span><\/p>\n<p class=\"_04xlpA direction-ltr align-justify para-style-body\"><span style=\"color: #000000;\"><strong><span class=\"S1PPyQ\">Boosheid en gemis<\/span><\/strong><\/span><\/p>\n<p class=\"_04xlpA direction-ltr align-justify para-style-body\"><span style=\"color: #000000;\"><span class=\"S1PPyQ\">Roos beaamt dat meteen: \u201cEr zijn zoveel gevoelens, het gemis, de boosheid, het verdriet van jezelf en van je ouders. Zoveel vragen. Wie kun je nog vertrouwen? Het is zoveel meer dan alleen het feit dat je broer vastzit.\u201d Samen met Anna vertelt ze wat het betekent als je broer in <\/span><span class=\"S1PPyQ\">de gevangenis belandt.<\/span><\/span><\/p>\n<p class=\"_04xlpA direction-ltr align-justify para-style-body\"><span class=\"S1PPyQ\" style=\"color: #000000;\">De 23-jarige boer van Roos verdween in april onverwachts. Ze zouden als gezin met elkaar gaan eten, maar haar broer kwam maar niet. Zelfs geen berichtje.<\/span><\/p>\n<p class=\"_04xlpA direction-ltr align-justify para-style-body\"><span class=\"S1PPyQ\" style=\"color: #000000;\">Nadat ze drie dagen taal noch teken van hem ontvingen, gaven zijn ouders hem als vermist op bij de politie. Later bleek hij in het buitenland te zijn opgepakt in verband met drugs. Pas een maand na zijn verdwijning kregen ze een brief van hem. Vanuit de gevangenis.<\/span><\/p>\n<p class=\"_04xlpA direction-ltr align-justify para-style-body\"><span class=\"S1PPyQ\" style=\"color: #000000;\">Roos: \u201cDie beginperiode met alle onzekerheid gaf zoveel emoties bij ons allemaal. Je hebt vragen, bent boos, maar je vindt het als zus ook zielig dat hij daar alleen zit.\u201d Anna en Roos merken dat mensen in hun omgeving hen zijn gaan mijden of anders gaan behandelen. \u201cJe wordt als zus ook veroordeeld. Meteen en voor honderd procent.\u201d<\/span><\/p>\n<p class=\"_04xlpA direction-ltr align-justify para-style-body\"><span style=\"color: #000000;\"><strong><span class=\"S1PPyQ\">Nachtmerrie<\/span><\/strong><\/span><\/p>\n<p class=\"_04xlpA direction-ltr align-justify para-style-body\"><span class=\"S1PPyQ\" style=\"color: #000000;\">Zowel Anna als Roos zijn al googelend bij Gevangenenzorg terechtgekomen en in gesprek geraakt met onze maatschappelijk<\/span><\/p>\n<p class=\"_04xlpA direction-ltr align-justify para-style-body\"><span style=\"color: #000000;\"><span class=\"S1PPyQ\">werker Gerdine.<\/span> <span class=\"S1PPyQ\">Allebei hadden ze aangegeven dat ze graag met een leeftijdgenoot zouden willen praten die hetzelfde heeft meegemaakt.<\/span><\/span><\/p>\n<p class=\"_04xlpA direction-ltr align-justify para-style-body\"><span class=\"S1PPyQ\" style=\"color: #000000;\">De klik tussen de beide jonge vrouwen was er vrijwel meteen. Op donderdag hadden ze voor het eerst contact via whatsapp en op zaterdag hadden ze al hun eerste afspraak op neutraal terrein. \u201cWe hebben daar superlang gezeten\u201d, vertelt Anna lachend. En daarna is er geen dag meer geweest waarop ze geen contact hadden. Ze hebben dat z\u00f3 nodig. \u201cJe voelt je zo alleen. Je hele wereld is zomaar opeens veranderd in een nachtmerrie. Op onze leeftijd hebben veel mensen nog niet zoiets meegemaakt. Als ik Roos niet had gehad, weet ik niet waar ik nu was.\u201d<\/span><\/p>\n<p>[\/vc_column_text][\/vc_column_inner][vc_column_inner column_width_percent=&#8221;100&#8243; gutter_size=&#8221;3&#8243; overlay_alpha=&#8221;50&#8243; shift_x=&#8221;0&#8243; shift_y=&#8221;0&#8243; shift_y_down=&#8221;0&#8243; z_index=&#8221;0&#8243; medium_width=&#8221;4&#8243; mobile_width=&#8221;0&#8243; width=&#8221;1\/2&#8243; uncode_shortcode_id=&#8221;190347&#8243;][vc_single_image media=&#8221;118998&#8243; media_width_percent=&#8221;100&#8243; uncode_shortcode_id=&#8221;156629&#8243;][vc_column_text uncode_shortcode_id=&#8221;143115&#8243;]<\/p>\n<p class=\"_04xlpA direction-ltr align-justify para-style-body\"><span style=\"color: #000000;\"><span class=\"S1PPyQ\"><span class=\"S1PPyQ\" style=\"color: #000000;\">Natuurlijk, ze kunnen er ook over praten met hun partners en ouders, maar toch is dat anders. Ze willen er tegenover hen niet steeds opnieuw over beginnen. Het is daarom fijn dat ze elkaar hebben.<\/span><\/span><\/span><\/p>\n<p class=\"_04xlpA direction-ltr align-justify para-style-body\"><span style=\"color: #000000;\"><strong><span class=\"S1PPyQ\">Herkenning<\/span><\/strong><\/span><\/p>\n<p class=\"_04xlpA direction-ltr align-justify para-style-body\"><span class=\"S1PPyQ\" style=\"color: #000000;\">Het is om deze reden dat Gevangenenzorg achterblijvende familieleden niet alleen de mogelijkheid biedt een bezoekvrijwilliger te vragen, maar hen ook de kans biedt op onderlinge ontmoetingen. Dat kan tijdens verschillende ontmoetingsdagen in het land. Tijdens die dagen kunnen familieleden iemand spreken met dezelfde ervaringen. Dat geeft herkenning, het gevoel dat je niet de enige bent die in deze situatie zit. Per ontmoetingsbijeenkomst zijn ongeveer tien familieleden aanwezig. Ze gaan met elkaar in<\/span><\/p>\n<p class=\"_04xlpA direction-ltr align-justify para-style-body\"><span class=\"S1PPyQ\" style=\"color: #000000;\">gesprek, of met onze maatschappelijk werkers en bezoekvrijwilligers die hierbij ook aanwezig zijn.<\/span><\/p>\n<p class=\"_04xlpA direction-ltr align-justify para-style-body\"><strong><span class=\"S1PPyQ\" style=\"color: #000000;\">Liefdevol gezin<\/span><\/strong><\/p>\n<p class=\"_04xlpA direction-ltr align-justify para-style-body\"><span class=\"S1PPyQ\" style=\"color: #000000;\">Voor Anna en Roos was de onderlinge herkenning groot. Hun situaties zijn vergelijkbaar. Allebei zijn ze opgegroeid in een liefdevol en hecht gezin. Met ouders die hard werken, een gezin waar normen en waarden hoog staan. Niets wees erop dat het zo mis zou kunnen gaan. \u201cHet was niet nodig geweest\u201d, zeggen ze allebei. Voor het geld hadden hun broers niet in de drugshandel terecht hoeven komen.<\/span><\/p>\n<p class=\"_04xlpA direction-ltr align-justify para-style-body\"><span class=\"S1PPyQ\" style=\"color: #000000;\">Roos: \u201cHet is ons overkomen. Ik vind het fijn dat ik nu contact heb met iemand die hetzelfde heeft meegemaakt. Andere mensen voelen niet wat jij voelt. Je gaat nadenken over dingen waarover je voorheen nooit nadacht. Ik merk ook dat ik op mijn hoede ben. Ik ben ook een beetje angstig.\u201d Voor beiden geldt dat ook angst een gevolg is van het drugsdelict van hun broers.<\/span><\/p>\n<p class=\"_04xlpA direction-ltr align-justify para-style-body\"><span class=\"S1PPyQ\" style=\"color: #000000;\">De gevolgen voor beide zussen zijn enorm. En toch: je ziet hoeveel ze van hun broers houden. \u201cNu pas weet je hoe gek je op elkaar bent. Dat spreken we ook uit.\u201d Maar er is ook ruimte voor boosheid, al laat Roos dat in haar brieven aan haar broer achterwege. Anna: \u201cAls ik boos ben, denk ik: hij heeft mij dit wel aangedaan. Ik heb nu zoveel zorgen, ook om mijn ouders. Daar ben ik best boos over. Dan zou ik willen zeggen: Hoe denk je dat dit voor ons is?\u201d<\/span><\/p>\n<p>[\/vc_column_text][\/vc_column_inner][\/vc_row_inner][\/vc_column][\/vc_row][vc_row row_height_percent=&#8221;0&#8243; override_padding=&#8221;yes&#8221; h_padding=&#8221;2&#8243; top_padding=&#8221;5&#8243; bottom_padding=&#8221;3&#8243; overlay_alpha=&#8221;100&#8243; gutter_size=&#8221;3&#8243; column_width_percent=&#8221;100&#8243; shift_y=&#8221;0&#8243; z_index=&#8221;0&#8243; row_height_use_pixel=&#8221;&#8221; uncode_shortcode_id=&#8221;135102&#8243;][vc_column column_width_use_pixel=&#8221;yes&#8221; gutter_size=&#8221;3&#8243; overlay_alpha=&#8221;50&#8243; shift_x=&#8221;0&#8243; shift_y=&#8221;0&#8243; shift_y_down=&#8221;0&#8243; z_index=&#8221;0&#8243; medium_width=&#8221;0&#8243; mobile_width=&#8221;0&#8243; zoom_width=&#8221;0&#8243; zoom_height=&#8221;0&#8243; column_width_pixel=&#8221;800&#8243; uncode_shortcode_id=&#8221;624727&#8243;][vc_custom_heading text_color=&#8221;color-151700&#8243; text_font=&#8221;font-785749&#8243; text_weight=&#8221;800&#8243; uncode_shortcode_id=&#8221;160364&#8243; text_color_type=&#8221;uncode-palette&#8221;]<\/p>\n<h2 style=\"text-align: left;\"><span class=\"font-785749\" style=\"color: #00c389;\">4.3 Aandacht voor Achterblijvers<\/span><\/h2>\n<p>[\/vc_custom_heading][vc_column_text uncode_shortcode_id=&#8221;192736&#8243;]<\/p>\n<p class=\"_04xlpA direction-ltr align-justify para-style-body\"><span style=\"color: #000000;\">Niet alleen gevangenen hebben toekomstperspectief nodig. Achterblijvers hebben die behoefte ook. Vandaar dat GNd door middel van het programma Aandacht voor Achterblijvers (AvA) dit perspectief biedt aan ouders, kinderen en partners van gevangenen.<\/span><\/p>\n<p>[\/vc_column_text][vc_custom_heading text_color=&#8221;color-151700&#8243; text_font=&#8221;font-785749&#8243; text_weight=&#8221;800&#8243; uncode_shortcode_id=&#8221;300411&#8243; text_color_type=&#8221;uncode-palette&#8221;]<\/p>\n<h5 style=\"text-align: left;\"><span class=\"font-785749\" style=\"color: #00c389;\"><span class=\"S1PPyQ\">Bezoektrajecten<\/span><\/span><\/h5>\n<p>[\/vc_custom_heading][vc_column_text uncode_shortcode_id=&#8221;214561&#8243;]<\/p>\n<p class=\"_04xlpA direction-ltr align-justify para-style-body\"><span class=\"S1PPyQ\" style=\"color: #000000;\">De instroom van achterblijvers blijft gelijkmatig met 75 nieuwe aanmeldingen in 2022. In totaal konden onze vrijwilligers in 193 trajecten (doel 175) bij achterblijvers op bezoek. Binnen deze trajecten blijken ruim 70 kinderen tot en met 17 jaar aanwezig te zijn. Voor deze gezinnen is door vrijwilligers een kerstattentie geregeld.<\/span><\/p>\n<p>[\/vc_column_text][vc_custom_heading text_color=&#8221;color-553973&#8243; text_font=&#8221;font-785749&#8243; text_weight=&#8221;800&#8243; uncode_shortcode_id=&#8221;838010&#8243; text_color_type=&#8221;uncode-palette&#8221;]<\/p>\n<h3 style=\"text-align: left;\"><span class=\"font-785749\" style=\"color: #672146;\"><span class=\"S1PPyQ\"><em>\u201cIk heb net je pakketje met lijstje en cadeautje ontvangen\u2026 Ik ben er stil van, de tekst raakte me! Echt heel mooi! Dankjewel!\u201d<\/em> <\/span><\/span><\/h3>\n<p><span style=\"color: #000000;\">&#8211; Chantal, achterblijver<\/span>[\/vc_custom_heading][vc_custom_heading text_color=&#8221;color-151700&#8243; text_font=&#8221;font-785749&#8243; text_weight=&#8221;800&#8243; uncode_shortcode_id=&#8221;636437&#8243; text_color_type=&#8221;uncode-palette&#8221;]<\/p>\n<h5 style=\"text-align: left;\"><span class=\"font-785749\" style=\"color: #00c389;\"><span class=\"S1PPyQ\">Bel- en mailconsulten en chat<\/span><\/span><\/h5>\n<p>[\/vc_custom_heading][vc_column_text uncode_shortcode_id=&#8221;670014&#8243;]<\/p>\n<p class=\"_04xlpA direction-ltr align-start para-style-body\"><span style=\"color: #000000;\">Diverse achterblijvers weten AvA te vinden als zij behoefte hebben aan een eenmalig contact voor een luisterend oor of een adviesgesprek. Zij nemen contact op via bel-en mailconsulten of via de chatfunctie op de GNd-website. In 2022 konden we zo nog eens 193 mensen verder helpen. Via de chat hadden we 214 maal contact met 139 individuele hulpvragers.<\/span><\/p>\n<p>[\/vc_column_text][vc_custom_heading text_color=&#8221;color-151700&#8243; text_font=&#8221;font-785749&#8243; text_weight=&#8221;800&#8243; uncode_shortcode_id=&#8221;204117&#8243; text_color_type=&#8221;uncode-palette&#8221;]<\/p>\n<h5 style=\"text-align: left;\"><span class=\"font-785749\" style=\"color: #00c389;\"><span class=\"S1PPyQ\">Ontmoetingsdagen en Thuisfrontinformatiedagen<\/span><\/span><\/h5>\n<p>[\/vc_custom_heading][vc_column_text uncode_shortcode_id=&#8221;142610&#8243;]<\/p>\n<p class=\"_04xlpA direction-ltr align-start para-style-body\"><span class=\"S1PPyQ\" style=\"color: #000000;\">Achterblijvers hebben de behoefte om elkaar als lotgenoten te ontmoeten voor (h)erkenning en om de mogelijkheid te hebben om (praktische) vragen te bespreken. We konden voor hen in 2022 3 Ontmoetingsdagen organiseren met in totaal 21 deelnemers. Verder is AvA is betrokken bij de Thuisfrontinformatiedagen van Reclassering Bureau Buitenland. In 2022 was AvA bij 4 van deze dagen aanwezig met 48 bezoekers. AvA is, op verzoek van Reclassering, betrokken bij de begeleiding van het Lotgenotencontact. Daarnaast deelt AvA informatie over het AvA-hulpaanbod. <\/span><\/p>\n<p>[\/vc_column_text][vc_custom_heading text_color=&#8221;color-553973&#8243; text_font=&#8221;font-785749&#8243; text_weight=&#8221;800&#8243; uncode_shortcode_id=&#8221;464891&#8243; text_color_type=&#8221;uncode-palette&#8221;]<\/p>\n<h3 style=\"text-align: left;\"><span class=\"font-785749\" style=\"color: #672146;\"><span class=\"S1PPyQ\"><em>\u201cHet was een hele mooie waardevolle dag. Waar plaats was voor gesprekken, emoties en herkenning. Maak er een volle dag van. Het was zo snel voorbij.\u201d<\/em> <\/span><\/span><\/h3>\n<p><span style=\"color: #000000;\">&#8211; Ingrid, achterblijver<\/span>[\/vc_custom_heading][vc_custom_heading text_color=&#8221;color-151700&#8243; text_font=&#8221;font-785749&#8243; text_weight=&#8221;800&#8243; uncode_shortcode_id=&#8221;185369&#8243; text_color_type=&#8221;uncode-palette&#8221;]<\/p>\n<h5 style=\"text-align: left;\"><span class=\"font-785749\" style=\"color: #00c389;\"><span class=\"S1PPyQ\">Ontvangstplek<\/span><\/span><\/h5>\n<p>[\/vc_custom_heading][vc_column_text uncode_shortcode_id=&#8221;754416&#8243;]<\/p>\n<p class=\"_04xlpA direction-ltr align-justify para-style-body\"><span class=\"S1PPyQ\" style=\"color: #000000;\">Voor achterblijvers is het op bezoek gaan in de gevangenis soms best beladen. Ze komen op bezoek in een voor hen vaak onbekende wereld en lopen rond met allerlei vragen. Om hen hierin te begeleiden zijn we in gesprek gegaan <span class=\"S1PPyQ\">met een tweetal gevangenissen om een Ontvangstplek in te richten. De verwachting is dat AvA in 2023 daadwerkelijk kan starten met een Ontvangstplek in Alphen en Dordrecht.<\/span><\/span><\/p>\n<p>[\/vc_column_text][vc_custom_heading text_color=&#8221;color-151700&#8243; text_font=&#8221;font-785749&#8243; text_weight=&#8221;800&#8243; uncode_shortcode_id=&#8221;130463&#8243; text_color_type=&#8221;uncode-palette&#8221;]<\/p>\n<h5 style=\"text-align: left;\"><span class=\"font-785749\" style=\"color: #00c389;\"><span class=\"S1PPyQ\">Kindercadeauprogramma<\/span><\/span><\/h5>\n<p>[\/vc_custom_heading][vc_column_text uncode_shortcode_id=&#8221;119242&#8243;]<\/p>\n<p class=\"_04xlpA direction-ltr align-start para-style-body\"><span class=\"S1PPyQ\" style=\"color: #000000;\"><span class=\"S1PPyQ\">Gevangenen kunnen hun kinderen voor hun verjaardag verrassen met een verjaardagscadeautje van ongeveer 10 euro. Na de aanvraag wordt de andere ouder \/ verzorger gebeld voor goedkeuring. GNd koopt dit cadeautje namens de gevangene en laat het bezorgen door een vrijwilliger of via de post. Ondanks het feit dat we de kerstcadeautjes dit jaar niet konden uitvoeren, konden we in 2022 toch 258 kinderen verblijden met een verjaardagscadeautje van hun vader of moeder. 18 van deze aanvragen kwamen via onze partnerorganisatie Epafras binnen.<\/span><\/span><\/p>\n<p>[\/vc_column_text][\/vc_column][\/vc_row][vc_row row_height_percent=&#8221;65&#8243; override_padding=&#8221;yes&#8221; h_padding=&#8221;2&#8243; top_padding=&#8221;5&#8243; bottom_padding=&#8221;5&#8243; back_color=&#8221;color-lxmt&#8221; overlay_color=&#8221;color-uydo&#8221; overlay_alpha=&#8221;50&#8243; gutter_size=&#8221;3&#8243; column_width_percent=&#8221;100&#8243; shift_y=&#8221;0&#8243; z_index=&#8221;0&#8243; uncode_shortcode_id=&#8221;460395&#8243; back_color_type=&#8221;uncode-palette&#8221; overlay_color_type=&#8221;uncode-palette&#8221;][vc_column column_width_percent=&#8221;100&#8243; position_vertical=&#8221;middle&#8221; gutter_size=&#8221;5&#8243; overlay_alpha=&#8221;50&#8243; shift_x=&#8221;0&#8243; shift_y=&#8221;0&#8243; shift_y_down=&#8221;0&#8243; z_index=&#8221;0&#8243; medium_width=&#8221;0&#8243; mobile_width=&#8221;0&#8243; width=&#8221;1\/1&#8243;][vc_row_inner row_inner_height_percent=&#8221;0&#8243; overlay_alpha=&#8221;50&#8243; gutter_size=&#8221;4&#8243; shift_y=&#8221;0&#8243; z_index=&#8221;0&#8243; limit_content=&#8221;&#8221;][vc_column_inner column_width_percent=&#8221;100&#8243; gutter_size=&#8221;3&#8243; overlay_alpha=&#8221;50&#8243; shift_x=&#8221;0&#8243; shift_y=&#8221;0&#8243; shift_y_down=&#8221;0&#8243; z_index=&#8221;0&#8243; medium_width=&#8221;0&#8243; mobile_width=&#8221;0&#8243; width=&#8221;1\/3&#8243;][vc_icon position=&#8221;left&#8221; icon=&#8221;fa fa-chat&#8221; icon_color=&#8221;color-151700&#8243; size=&#8221;fa-4x&#8221; text_size=&#8221;h4&#8243; uncode_shortcode_id=&#8221;142069&#8243; icon_color_type=&#8221;uncode-palette&#8221;]<span style=\"color: #000000;\">Voor 193 achterblijvende gezinnen of ouders was er vrijwilligersbezoek..<\/span>[\/vc_icon][\/vc_column_inner][vc_column_inner column_width_percent=&#8221;100&#8243; gutter_size=&#8221;3&#8243; overlay_alpha=&#8221;50&#8243; shift_x=&#8221;0&#8243; shift_y=&#8221;0&#8243; shift_y_down=&#8221;0&#8243; z_index=&#8221;0&#8243; medium_width=&#8221;0&#8243; mobile_width=&#8221;0&#8243; width=&#8221;1\/3&#8243;][vc_icon position=&#8221;left&#8221; icon=&#8221;fa fa-envelope2&#8243; icon_color=&#8221;color-151700&#8243; size=&#8221;fa-4x&#8221; text_size=&#8221;h4&#8243; uncode_shortcode_id=&#8221;215693&#8243; icon_color_type=&#8221;uncode-palette&#8221;]<span style=\"color: #000000;\"><span class=\"S1PPyQ\">193 mensen <\/span><span class=\"S1PPyQ\">konden we verder helpen via een bel- of mailconsult. Via de chat hadden we<\/span><span class=\"S1PPyQ\"> 214 maal contact met 139 individuele hulpvragers.<\/span><\/span>[\/vc_icon][\/vc_column_inner][vc_column_inner column_width_percent=&#8221;100&#8243; gutter_size=&#8221;3&#8243; overlay_alpha=&#8221;50&#8243; shift_x=&#8221;0&#8243; shift_y=&#8221;0&#8243; shift_y_down=&#8221;0&#8243; z_index=&#8221;0&#8243; medium_width=&#8221;0&#8243; mobile_width=&#8221;0&#8243; width=&#8221;1\/3&#8243;][vc_icon position=&#8221;left&#8221; icon=&#8221;fa fa-users2&#8243; icon_color=&#8221;color-151700&#8243; size=&#8221;fa-4x&#8221; text_size=&#8221;h4&#8243; uncode_shortcode_id=&#8221;126939&#8243; icon_color_type=&#8221;uncode-palette&#8221;]<span style=\"color: #000000;\"><span class=\"S1PPyQ\">157 tbs-pati\u00ebnten<\/span><span class=\"S1PPyQ\"> ontvingen bezoek van een vrijwilliger.<\/span><\/span>[\/vc_icon][\/vc_column_inner][\/vc_row_inner][\/vc_column][\/vc_row][vc_row row_height_percent=&#8221;0&#8243; override_padding=&#8221;yes&#8221; h_padding=&#8221;2&#8243; top_padding=&#8221;5&#8243; bottom_padding=&#8221;5&#8243; back_color=&#8221;color-lxmt&#8221; overlay_alpha=&#8221;50&#8243; gutter_size=&#8221;3&#8243; column_width_percent=&#8221;100&#8243; shift_y=&#8221;0&#8243; z_index=&#8221;0&#8243; bottom_divider=&#8221;step&#8221; uncode_shortcode_id=&#8221;127576&#8243; back_color_type=&#8221;uncode-palette&#8221;][vc_column column_width_percent=&#8221;100&#8243; gutter_size=&#8221;3&#8243; font_family=&#8221;font-136269&#8243; overlay_alpha=&#8221;50&#8243; shift_x=&#8221;0&#8243; shift_y=&#8221;0&#8243; shift_y_down=&#8221;0&#8243; z_index=&#8221;0&#8243; medium_width=&#8221;0&#8243; mobile_width=&#8221;0&#8243; width=&#8221;1\/1&#8243; uncode_shortcode_id=&#8221;152228&#8243;][vc_row_inner row_inner_height_percent=&#8221;0&#8243; overlay_alpha=&#8221;50&#8243; gutter_size=&#8221;4&#8243; shift_y=&#8221;0&#8243; z_index=&#8221;0&#8243; uncode_shortcode_id=&#8221;259047&#8243; limit_content=&#8221;&#8221;][vc_column_inner column_width_percent=&#8221;100&#8243; gutter_size=&#8221;3&#8243; overlay_alpha=&#8221;50&#8243; shift_x=&#8221;0&#8243; shift_y=&#8221;0&#8243; shift_y_down=&#8221;0&#8243; z_index=&#8221;0&#8243; medium_width=&#8221;4&#8243; mobile_width=&#8221;0&#8243; width=&#8221;1\/2&#8243; uncode_shortcode_id=&#8221;186179&#8243;][vc_custom_heading text_color=&#8221;color-151700&#8243; text_font=&#8221;font-785749&#8243; text_weight=&#8221;800&#8243; uncode_shortcode_id=&#8221;103617&#8243; text_color_type=&#8221;uncode-palette&#8221;]<\/p>\n<h3 style=\"text-align: left;\"><span class=\"font-785749\" style=\"color: #00c389;\">Fatima\u2019s 34ste verjaardag<\/span><\/h3>\n<p>[\/vc_custom_heading][vc_column_text uncode_shortcode_id=&#8221;931147&#8243;]<\/p>\n<p class=\"_04xlpA direction-ltr align-justify para-style-body\"><span class=\"S1PPyQ\" style=\"color: #000000;\">Het eerste bezoek aan Fatima was boven verwachting verlopen. Terwijl de maatschappelijk werker van de tbs-kliniek van tevoren had gewaarschuwd dat Fatima erg grillig was in haar gedrag en super gestrest kon zijn, viel het kennismakingsbezoek mee. Tegen de verwachting in kwam Fatima gewoon keurig op tijd aangewandeld met haar begeleider.<\/span><\/p>\n<p class=\"_04xlpA direction-ltr align-justify para-style-body\"><span class=\"S1PPyQ\" style=\"color: #000000;\">\u201cDat u zomaar alleen voor mij komt. Dat vind ik best tof!\u2019\u2019, zegt Fatima. Ze is erg zenuwachtig merk ik. Ik had te horen gekregen dat ze in tenminste 20 pleeggezinnen was opgegroeid, voor een paar fikse geweldsdelicten al meer dan 3 jaar vast zat, en min of meer was uitbehandeld door de professionals. \u201dWe kijken alleen nog of we de chemische balans in de medicijnen nog wat kunnen bijstellen zodat haar gedrag wat rustiger wordt\u201d, had de begeleider mij van tevoren toevertrouwd. Therapie\u00ebn waren allemaal al een keer uitgeprobeerd. Fatima had er haar buik vol van. Uit protest was ze al maanden apathisch. Ze lag sinds 3 maanden de hele dag in bed en weigerde mee te doen aan zo\u2019n beetje alles.<\/span><\/p>\n<p>[\/vc_column_text][\/vc_column_inner][vc_column_inner column_width_percent=&#8221;100&#8243; gutter_size=&#8221;3&#8243; overlay_alpha=&#8221;50&#8243; shift_x=&#8221;0&#8243; shift_y=&#8221;0&#8243; shift_y_down=&#8221;0&#8243; z_index=&#8221;0&#8243; medium_width=&#8221;4&#8243; mobile_width=&#8221;0&#8243; width=&#8221;1\/2&#8243; uncode_shortcode_id=&#8221;190347&#8243;][vc_column_text uncode_shortcode_id=&#8221;859258&#8243;]<\/p>\n<p class=\"_04xlpA direction-ltr align-justify para-style-body\"><strong><span class=\"S1PPyQ\" style=\"color: #000000;\">Op hakken<\/span><\/strong><\/p>\n<p class=\"_04xlpA direction-ltr align-justify para-style-body\"><span class=\"S1PPyQ\" style=\"color: #000000;\">Fatima stelt me een ge\u00efnteresseerde vraag over mijn kinderen. En ook wil ze weten waarom ik dit bezoekwerk eigenlijk doe. ,\u201dBest speciaal\u201d, is haar antwoord. Aan het eind van het gesprek neem ik met een goed gevoel afscheid. De begeleider is verbijsterd als ze hoort dat Fatima me bij het afscheid spontaan uitnodigt voor haar 34ste verjaardag over twee weken. \u201cHoe zal ik mijn haar doen, gekruld of gestyled?\u2019\u2019, vraagt Fatima. Ik mag het zeggen. Of ik dan ook mijn hakken aan doe? \u201cNatuurlijk\u201d, antwoord ik. \u2018\u2019En ik trek mijn jurk met stippen aan.\u2019\u2019 Fatima\u2019s ogen lichten op. \u2018\u2019Dan trek ik mijn zwarte pumps aan\u2019\u2019, zegt ze. \u201cDoe je dan je haren in de krul?\u2019\u2019 Twee weken later staat Fatima klaar met een zelf gebakken cake en ben ik haar enige verjaardagsvisite. \u2018\u2019Zo top dat jij geen hulpverlener bent, en gewoon een normaal mens\u2019\u2019, vertelt ze als ik haar een compliment geef over haar party outfit. We hadden samen fun!<\/span><\/p>\n<p class=\"_04xlpA direction-ltr align-justify para-style-body\"><span class=\"S1PPyQ\" style=\"color: #000000;\">&#8211; Marjon, bezoekvrijwilliger<\/span><\/p>\n<p>[\/vc_column_text][\/vc_column_inner][\/vc_row_inner][\/vc_column][\/vc_row][vc_row row_height_percent=&#8221;0&#8243; override_padding=&#8221;yes&#8221; h_padding=&#8221;2&#8243; top_padding=&#8221;5&#8243; bottom_padding=&#8221;3&#8243; overlay_alpha=&#8221;100&#8243; gutter_size=&#8221;3&#8243; column_width_percent=&#8221;100&#8243; shift_y=&#8221;0&#8243; z_index=&#8221;0&#8243; row_height_use_pixel=&#8221;&#8221; uncode_shortcode_id=&#8221;135102&#8243;][vc_column column_width_use_pixel=&#8221;yes&#8221; gutter_size=&#8221;3&#8243; overlay_alpha=&#8221;50&#8243; shift_x=&#8221;0&#8243; shift_y=&#8221;0&#8243; shift_y_down=&#8221;0&#8243; z_index=&#8221;0&#8243; medium_width=&#8221;0&#8243; mobile_width=&#8221;0&#8243; zoom_width=&#8221;0&#8243; zoom_height=&#8221;0&#8243; column_width_pixel=&#8221;800&#8243; uncode_shortcode_id=&#8221;624727&#8243;][vc_custom_heading text_color=&#8221;color-151700&#8243; text_font=&#8221;font-785749&#8243; text_weight=&#8221;800&#8243; uncode_shortcode_id=&#8221;822651&#8243; text_color_type=&#8221;uncode-palette&#8221;]<\/p>\n<h2 style=\"text-align: left;\"><span class=\"font-785749\" style=\"color: #00c389;\">4.4 Aandacht voor tbs-pati\u00ebnten<\/span><\/h2>\n<p>[\/vc_custom_heading][vc_column_text uncode_shortcode_id=&#8221;534296&#8243;]<\/p>\n<p class=\"_04xlpA direction-ltr align-justify para-style-body\"><span style=\"color: #000000;\"><span class=\"S1PPyQ\">Het resocialisatieproces van een tbs-pati\u00ebnt kent de nodige hobbels.<\/span> <span class=\"S1PPyQ\">Tbs-pati\u00ebnten hebben ernstige delicten gepleegd en zijn psychisch ziek. Enkele ingrijpende verlofincidenten (op een totaal van 70.0000 verloven per paar) kleuren de publieke opinie. De behandeling in een tbs-kliniek is echter uiteindelijk gericht op terugkeer in de maatschappij. Vanuit onze basishouding dat ieder mens kostbaar is, wil GNd er juist ook voor hen zijn.<\/span><\/span><\/p>\n<p class=\"_04xlpA direction-ltr align-justify para-style-body\">[\/vc_column_text][vc_custom_heading text_color=&#8221;color-151700&#8243; text_font=&#8221;font-785749&#8243; text_weight=&#8221;800&#8243; uncode_shortcode_id=&#8221;198518&#8243; text_color_type=&#8221;uncode-palette&#8221;]<\/p>\n<h5 style=\"text-align: left;\"><span class=\"font-785749\" style=\"color: #00c389;\"><span class=\"S1PPyQ\">Bezoektrajecten<\/span><\/span><\/h5>\n<p>[\/vc_custom_heading][vc_column_text uncode_shortcode_id=&#8221;211209&#8243;]<\/p>\n<p class=\"_04xlpA direction-ltr align-justify para-style-body\"><span style=\"color: #000000;\">Vanwege afschaling in medewerkers is er actief ingezet op een langzame afschaling in het <span class=\"S1PPyQ\">aantal trajecten. Daarbij zijn ook de procedures tegen het licht gehouden en is ervoor gekozen om te werken volgens de richtlijn dat een traject 12 tot 18 maanden doorloopt wanneer iemand buiten de kliniek gaat wonen. Met een aantal Forensisch Psychiatrische Centra en \u2013 Klinieken hebben we een samenwerkingsovereenkomst. We bereikten in totaal nog 228 hulpvragers (2021: 215), maar het aantal gelijktijdig lopende trajecten is wel gedaald van 180 naar 157.<\/span>\u00a0<\/span><\/p>\n<p>[\/vc_column_text][vc_custom_heading text_color=&#8221;color-553973&#8243; text_font=&#8221;font-785749&#8243; text_weight=&#8221;800&#8243; uncode_shortcode_id=&#8221;109484&#8243; text_color_type=&#8221;uncode-palette&#8221;]<\/p>\n<h3 style=\"text-align: left;\"><span class=\"font-785749\" style=\"color: #672146;\"><span class=\"S1PPyQ\"><em>\u201cIn het begin was de pati\u00ebnt heel afwerend. Langzamerhand werd hij rustig. Toen hij vroeg waar ik vandaan kwam, antwoordde ik dat ik uit de buurt van Groningen kom. De hulpvrager keek verbaasd en zei: \u2018Kom je helemaal daar vandaan, alleen voor mij?\u2019 Vervolgens stak hij zijn hand uit naar mij en was het ijs gebroken.\u201d<\/em> <\/span><\/span><\/h3>\n<p><span style=\"color: #000000;\">&#8211; Piet, vrijwilliger<\/span>[\/vc_custom_heading][vc_custom_heading text_color=&#8221;color-151700&#8243; text_font=&#8221;font-785749&#8243; text_weight=&#8221;800&#8243; uncode_shortcode_id=&#8221;213985&#8243; text_color_type=&#8221;uncode-palette&#8221;]<\/p>\n<h5 style=\"text-align: left;\"><span class=\"font-785749\" style=\"color: #00c389;\"><span class=\"S1PPyQ\">Meet Up ForZo<\/span><\/span><\/h5>\n<p>[\/vc_custom_heading][vc_column_text uncode_shortcode_id=&#8221;155533&#8243;]<\/p>\n<p class=\"_04xlpA direction-ltr align-start para-style-body\"><span class=\"S1PPyQ\" style=\"color: #000000;\">Vanwege omstandigheden in de kliniek waar we een Meet Up ForZo draaiden en vanwege de personele bezetting bij GNd is besloten deze voor onbepaalde tijd op on hold te zetten.<\/span><\/p>\n<p>[\/vc_column_text][vc_custom_heading text_color=&#8221;color-151700&#8243; text_font=&#8221;font-785749&#8243; text_weight=&#8221;800&#8243; uncode_shortcode_id=&#8221;210647&#8243; text_color_type=&#8221;uncode-palette&#8221;]<\/p>\n<h5 style=\"text-align: left;\"><span class=\"font-785749\" style=\"color: #00c389;\"><span class=\"S1PPyQ\">SOS ForZo<\/span><\/span><\/h5>\n<p>[\/vc_custom_heading][vc_column_text uncode_shortcode_id=&#8221;896641&#8243;]<\/p>\n<p class=\"_04xlpA direction-ltr align-start para-style-body\"><span style=\"color: #000000;\"><span class=\"S1PPyQ\">We waren met onze SOS Cursus ForZo in tbs-kliniek FPC Dr. S. van Mesdag. In 2022 kon deze tweemaal gegeven worden. Deze pilot was succesvol, maar door een combinatie van<\/span> <span class=\"S1PPyQ\">personele en financi\u00eble belemmeringen hebben we helaas moeten besluiten deze pilot niet voort te zetten in 2023.<\/span> <\/span><\/p>\n<p>[\/vc_column_text][\/vc_column][\/vc_row][vc_row][vc_column width=&#8221;1\/1&#8243;][vc_column_text]&nbsp;[\/vc_column_text][\/vc_column][\/vc_row][vc_row row_height_percent=&#8221;0&#8243; override_padding=&#8221;yes&#8221; h_padding=&#8221;2&#8243; top_padding=&#8221;5&#8243; bottom_padding=&#8221;5&#8243; back_color=&#8221;color-gyho&#8221; overlay_alpha=&#8221;49&#8243; equal_height=&#8221;yes&#8221; gutter_size=&#8221;4&#8243; column_width_percent=&#8221;100&#8243; shift_y=&#8221;0&#8243; z_index=&#8221;0&#8243; uncode_shortcode_id=&#8221;120967&#8243; back_color_type=&#8221;uncode-palette&#8221;][vc_column column_width_use_pixel=&#8221;yes&#8221; position_vertical=&#8221;middle&#8221; align_horizontal=&#8221;align_center&#8221; gutter_size=&#8221;3&#8243; overlay_alpha=&#8221;50&#8243; shift_x=&#8221;0&#8243; shift_y=&#8221;0&#8243; shift_y_down=&#8221;0&#8243; z_index=&#8221;0&#8243; medium_width=&#8221;0&#8243; mobile_width=&#8221;0&#8243; width=&#8221;1\/1&#8243; column_width_pixel=&#8221;900&#8243;][vc_row_inner limit_content=&#8221;&#8221;][vc_column_inner column_width_percent=&#8221;100&#8243; align_horizontal=&#8221;align_right&#8221; gutter_size=&#8221;3&#8243; overlay_alpha=&#8221;50&#8243; shift_x=&#8221;0&#8243; shift_y=&#8221;0&#8243; shift_y_down=&#8221;0&#8243; z_index=&#8221;0&#8243; medium_width=&#8221;4&#8243; align_mobile=&#8221;align_center_mobile&#8221; mobile_width=&#8221;0&#8243; width=&#8221;1\/2&#8243; uncode_shortcode_id=&#8221;135084&#8243;][vc_button button_color=&#8221;color-151700&#8243; border_width=&#8221;0&#8243; link=&#8221;url:https%3A%2F%2Fjaarverslag.gevangenenzorg.nl%2F2022%2F3-drijfveren%2F&#8221; button_color_type=&#8221;uncode-palette&#8221; uncode_shortcode_id=&#8221;217992&#8243;]Vorig hoofdstuk[\/vc_button][\/vc_column_inner][vc_column_inner column_width_percent=&#8221;100&#8243; gutter_size=&#8221;3&#8243; overlay_alpha=&#8221;50&#8243; shift_x=&#8221;0&#8243; shift_y=&#8221;0&#8243; shift_y_down=&#8221;0&#8243; z_index=&#8221;0&#8243; medium_width=&#8221;4&#8243; align_mobile=&#8221;align_center_mobile&#8221; mobile_width=&#8221;0&#8243; width=&#8221;1\/2&#8243;][vc_button button_color=&#8221;color-151700&#8243; border_width=&#8221;0&#8243; link=&#8221;url:https%3A%2F%2Fjaarverslag.gevangenenzorg.nl%2F2022%2F5-aandacht-voor-onze-hulpverleners%2F&#8221; button_color_type=&#8221;uncode-palette&#8221; uncode_shortcode_id=&#8221;499882&#8243;]Volgend hoofdstuk[\/vc_button][\/vc_column_inner][\/vc_row_inner][\/vc_column][\/vc_row]<\/p>\n","protected":false},"excerpt":{"rendered":"<p>[vc_row row_height_percent=&#8221;68&#8243; override_padding=&#8221;yes&#8221; h_padding=&#8221;2&#8243; top_padding=&#8221;5&#8243; bottom_padding=&#8221;5&#8243; back_image=&#8221;118872&#8243; parallax=&#8221;yes&#8221; overlay_alpha=&#8221;80&#8243; equal_height=&#8221;yes&#8221; gutter_size=&#8221;4&#8243; column_width_percent=&#8221;100&#8243; shift_y=&#8221;0&#8243; z_index=&#8221;0&#8243; uncode_shortcode_id=&#8221;321215&#8243;][vc_column column_width_percent=&#8221;100&#8243; position_vertical=&#8221;middle&#8221; align_horizontal=&#8221;align_center&#8221; gutter_size=&#8221;3&#8243; style=&#8221;dark&#8221; [&hellip;]<\/p>\n","protected":false},"author":1,"featured_media":0,"parent":0,"menu_order":0,"comment_status":"closed","ping_status":"closed","template":"","meta":{"footnotes":""},"class_list":["post-118917","page","type-page","status-publish","hentry"],"yoast_head":"<!-- This site is optimized with the Yoast SEO plugin v27.2 - https:\/\/yoast.com\/product\/yoast-seo-wordpress\/ -->\n<title>4. Aandacht voor de hulpvrager - Jaarverslag 2022 | Gevangenenzorg Nederland<\/title>\n<meta name=\"robots\" content=\"index, follow, max-snippet:-1, max-image-preview:large, max-video-preview:-1\" \/>\n<link rel=\"canonical\" href=\"https:\/\/jaarverslag.gevangenenzorg.nl\/2022\/4-aandacht-voor-de-hulpvrager\/\" \/>\n<meta property=\"og:locale\" content=\"nl_NL\" \/>\n<meta property=\"og:type\" content=\"article\" \/>\n<meta property=\"og:title\" content=\"4. Aandacht voor de hulpvrager - Jaarverslag 2022 | Gevangenenzorg Nederland\" \/>\n<meta property=\"og:description\" content=\"[vc_row row_height_percent=&#8221;68&#8243; override_padding=&#8221;yes&#8221; h_padding=&#8221;2&#8243; top_padding=&#8221;5&#8243; bottom_padding=&#8221;5&#8243; back_image=&#8221;118872&#8243; parallax=&#8221;yes&#8221; overlay_alpha=&#8221;80&#8243; equal_height=&#8221;yes&#8221; gutter_size=&#8221;4&#8243; column_width_percent=&#8221;100&#8243; shift_y=&#8221;0&#8243; z_index=&#8221;0&#8243; uncode_shortcode_id=&#8221;321215&#8243;][vc_column column_width_percent=&#8221;100&#8243; position_vertical=&#8221;middle&#8221; align_horizontal=&#8221;align_center&#8221; gutter_size=&#8221;3&#8243; style=&#8221;dark&#8221; [&hellip;]\" \/>\n<meta property=\"og:url\" content=\"https:\/\/jaarverslag.gevangenenzorg.nl\/2022\/4-aandacht-voor-de-hulpvrager\/\" \/>\n<meta property=\"og:site_name\" content=\"Jaarverslag 2022 | Gevangenenzorg Nederland\" \/>\n<meta property=\"article:modified_time\" content=\"2023-05-02T08:02:10+00:00\" \/>\n<meta name=\"twitter:card\" content=\"summary_large_image\" \/>\n<meta name=\"twitter:label1\" content=\"Verwachte leestijd\" \/>\n\t<meta name=\"twitter:data1\" content=\"34 minuten\" \/>\n<script type=\"application\/ld+json\" class=\"yoast-schema-graph\">{\"@context\":\"https:\/\/schema.org\",\"@graph\":[{\"@type\":\"WebPage\",\"@id\":\"https:\/\/jaarverslag.gevangenenzorg.nl\/2022\/4-aandacht-voor-de-hulpvrager\/\",\"url\":\"https:\/\/jaarverslag.gevangenenzorg.nl\/2022\/4-aandacht-voor-de-hulpvrager\/\",\"name\":\"4. Aandacht voor de hulpvrager - Jaarverslag 2022 | Gevangenenzorg Nederland\",\"isPartOf\":{\"@id\":\"https:\/\/jaarverslag.gevangenenzorg.nl\/2022\/#website\"},\"datePublished\":\"2023-04-24T14:59:24+00:00\",\"dateModified\":\"2023-05-02T08:02:10+00:00\",\"breadcrumb\":{\"@id\":\"https:\/\/jaarverslag.gevangenenzorg.nl\/2022\/4-aandacht-voor-de-hulpvrager\/#breadcrumb\"},\"inLanguage\":\"nl-NL\",\"potentialAction\":[{\"@type\":\"ReadAction\",\"target\":[\"https:\/\/jaarverslag.gevangenenzorg.nl\/2022\/4-aandacht-voor-de-hulpvrager\/\"]}]},{\"@type\":\"BreadcrumbList\",\"@id\":\"https:\/\/jaarverslag.gevangenenzorg.nl\/2022\/4-aandacht-voor-de-hulpvrager\/#breadcrumb\",\"itemListElement\":[{\"@type\":\"ListItem\",\"position\":1,\"name\":\"Home\",\"item\":\"https:\/\/jaarverslag.gevangenenzorg.nl\/2022\/\"},{\"@type\":\"ListItem\",\"position\":2,\"name\":\"4. Aandacht voor de hulpvrager\"}]},{\"@type\":\"WebSite\",\"@id\":\"https:\/\/jaarverslag.gevangenenzorg.nl\/2022\/#website\",\"url\":\"https:\/\/jaarverslag.gevangenenzorg.nl\/2022\/\",\"name\":\"Jaarverslag 2022 | Gevangenenzorg Nederland\",\"description\":\"\",\"publisher\":{\"@id\":\"https:\/\/jaarverslag.gevangenenzorg.nl\/2022\/#organization\"},\"potentialAction\":[{\"@type\":\"SearchAction\",\"target\":{\"@type\":\"EntryPoint\",\"urlTemplate\":\"https:\/\/jaarverslag.gevangenenzorg.nl\/2022\/?s={search_term_string}\"},\"query-input\":{\"@type\":\"PropertyValueSpecification\",\"valueRequired\":true,\"valueName\":\"search_term_string\"}}],\"inLanguage\":\"nl-NL\"},{\"@type\":\"Organization\",\"@id\":\"https:\/\/jaarverslag.gevangenenzorg.nl\/2022\/#organization\",\"name\":\"Jaarverslag 2022 | Gevangenenzorg Nederland\",\"url\":\"https:\/\/jaarverslag.gevangenenzorg.nl\/2022\/\",\"logo\":{\"@type\":\"ImageObject\",\"inLanguage\":\"nl-NL\",\"@id\":\"https:\/\/jaarverslag.gevangenenzorg.nl\/2022\/#\/schema\/logo\/image\/\",\"url\":\"https:\/\/jaarverslag.gevangenenzorg.nl\/2022\/wp-content\/uploads\/2023\/05\/Gevangenenzorg_pay_off.jpg\",\"contentUrl\":\"https:\/\/jaarverslag.gevangenenzorg.nl\/2022\/wp-content\/uploads\/2023\/05\/Gevangenenzorg_pay_off.jpg\",\"width\":1715,\"height\":365,\"caption\":\"Jaarverslag 2022 | Gevangenenzorg Nederland\"},\"image\":{\"@id\":\"https:\/\/jaarverslag.gevangenenzorg.nl\/2022\/#\/schema\/logo\/image\/\"}}]}<\/script>\n<!-- \/ Yoast SEO plugin. -->","yoast_head_json":{"title":"4. Aandacht voor de hulpvrager - Jaarverslag 2022 | Gevangenenzorg Nederland","robots":{"index":"index","follow":"follow","max-snippet":"max-snippet:-1","max-image-preview":"max-image-preview:large","max-video-preview":"max-video-preview:-1"},"canonical":"https:\/\/jaarverslag.gevangenenzorg.nl\/2022\/4-aandacht-voor-de-hulpvrager\/","og_locale":"nl_NL","og_type":"article","og_title":"4. Aandacht voor de hulpvrager - Jaarverslag 2022 | Gevangenenzorg Nederland","og_description":"[vc_row row_height_percent=&#8221;68&#8243; override_padding=&#8221;yes&#8221; h_padding=&#8221;2&#8243; top_padding=&#8221;5&#8243; bottom_padding=&#8221;5&#8243; back_image=&#8221;118872&#8243; parallax=&#8221;yes&#8221; overlay_alpha=&#8221;80&#8243; equal_height=&#8221;yes&#8221; gutter_size=&#8221;4&#8243; column_width_percent=&#8221;100&#8243; shift_y=&#8221;0&#8243; z_index=&#8221;0&#8243; uncode_shortcode_id=&#8221;321215&#8243;][vc_column column_width_percent=&#8221;100&#8243; position_vertical=&#8221;middle&#8221; align_horizontal=&#8221;align_center&#8221; gutter_size=&#8221;3&#8243; style=&#8221;dark&#8221; [&hellip;]","og_url":"https:\/\/jaarverslag.gevangenenzorg.nl\/2022\/4-aandacht-voor-de-hulpvrager\/","og_site_name":"Jaarverslag 2022 | Gevangenenzorg Nederland","article_modified_time":"2023-05-02T08:02:10+00:00","twitter_card":"summary_large_image","twitter_misc":{"Verwachte leestijd":"34 minuten"},"schema":{"@context":"https:\/\/schema.org","@graph":[{"@type":"WebPage","@id":"https:\/\/jaarverslag.gevangenenzorg.nl\/2022\/4-aandacht-voor-de-hulpvrager\/","url":"https:\/\/jaarverslag.gevangenenzorg.nl\/2022\/4-aandacht-voor-de-hulpvrager\/","name":"4. Aandacht voor de hulpvrager - Jaarverslag 2022 | Gevangenenzorg Nederland","isPartOf":{"@id":"https:\/\/jaarverslag.gevangenenzorg.nl\/2022\/#website"},"datePublished":"2023-04-24T14:59:24+00:00","dateModified":"2023-05-02T08:02:10+00:00","breadcrumb":{"@id":"https:\/\/jaarverslag.gevangenenzorg.nl\/2022\/4-aandacht-voor-de-hulpvrager\/#breadcrumb"},"inLanguage":"nl-NL","potentialAction":[{"@type":"ReadAction","target":["https:\/\/jaarverslag.gevangenenzorg.nl\/2022\/4-aandacht-voor-de-hulpvrager\/"]}]},{"@type":"BreadcrumbList","@id":"https:\/\/jaarverslag.gevangenenzorg.nl\/2022\/4-aandacht-voor-de-hulpvrager\/#breadcrumb","itemListElement":[{"@type":"ListItem","position":1,"name":"Home","item":"https:\/\/jaarverslag.gevangenenzorg.nl\/2022\/"},{"@type":"ListItem","position":2,"name":"4. Aandacht voor de hulpvrager"}]},{"@type":"WebSite","@id":"https:\/\/jaarverslag.gevangenenzorg.nl\/2022\/#website","url":"https:\/\/jaarverslag.gevangenenzorg.nl\/2022\/","name":"Jaarverslag 2022 | Gevangenenzorg Nederland","description":"","publisher":{"@id":"https:\/\/jaarverslag.gevangenenzorg.nl\/2022\/#organization"},"potentialAction":[{"@type":"SearchAction","target":{"@type":"EntryPoint","urlTemplate":"https:\/\/jaarverslag.gevangenenzorg.nl\/2022\/?s={search_term_string}"},"query-input":{"@type":"PropertyValueSpecification","valueRequired":true,"valueName":"search_term_string"}}],"inLanguage":"nl-NL"},{"@type":"Organization","@id":"https:\/\/jaarverslag.gevangenenzorg.nl\/2022\/#organization","name":"Jaarverslag 2022 | Gevangenenzorg Nederland","url":"https:\/\/jaarverslag.gevangenenzorg.nl\/2022\/","logo":{"@type":"ImageObject","inLanguage":"nl-NL","@id":"https:\/\/jaarverslag.gevangenenzorg.nl\/2022\/#\/schema\/logo\/image\/","url":"https:\/\/jaarverslag.gevangenenzorg.nl\/2022\/wp-content\/uploads\/2023\/05\/Gevangenenzorg_pay_off.jpg","contentUrl":"https:\/\/jaarverslag.gevangenenzorg.nl\/2022\/wp-content\/uploads\/2023\/05\/Gevangenenzorg_pay_off.jpg","width":1715,"height":365,"caption":"Jaarverslag 2022 | Gevangenenzorg Nederland"},"image":{"@id":"https:\/\/jaarverslag.gevangenenzorg.nl\/2022\/#\/schema\/logo\/image\/"}}]}},"_links":{"self":[{"href":"https:\/\/jaarverslag.gevangenenzorg.nl\/2022\/wp-json\/wp\/v2\/pages\/118917","targetHints":{"allow":["GET"]}}],"collection":[{"href":"https:\/\/jaarverslag.gevangenenzorg.nl\/2022\/wp-json\/wp\/v2\/pages"}],"about":[{"href":"https:\/\/jaarverslag.gevangenenzorg.nl\/2022\/wp-json\/wp\/v2\/types\/page"}],"author":[{"embeddable":true,"href":"https:\/\/jaarverslag.gevangenenzorg.nl\/2022\/wp-json\/wp\/v2\/users\/1"}],"replies":[{"embeddable":true,"href":"https:\/\/jaarverslag.gevangenenzorg.nl\/2022\/wp-json\/wp\/v2\/comments?post=118917"}],"version-history":[{"count":25,"href":"https:\/\/jaarverslag.gevangenenzorg.nl\/2022\/wp-json\/wp\/v2\/pages\/118917\/revisions"}],"predecessor-version":[{"id":119129,"href":"https:\/\/jaarverslag.gevangenenzorg.nl\/2022\/wp-json\/wp\/v2\/pages\/118917\/revisions\/119129"}],"wp:attachment":[{"href":"https:\/\/jaarverslag.gevangenenzorg.nl\/2022\/wp-json\/wp\/v2\/media?parent=118917"}],"curies":[{"name":"wp","href":"https:\/\/api.w.org\/{rel}","templated":true}]}}